{"id":18,"date":"2014-03-22T09:48:16","date_gmt":"2014-03-22T09:48:16","guid":{"rendered":"http:\/\/www.kvalevaag.se\/?page_id=18"},"modified":"2022-08-06T10:52:05","modified_gmt":"2022-08-06T10:52:05","slug":"fototgallerier","status":"publish","type":"page","link":"https:\/\/sandbox.kvalevaag.se\/?page_id=18","title":{"rendered":"Fotogalleri"},"content":{"rendered":"\n\n<div class=\"gdgallery-gallery-container\" id=\"gdgallery-container-1\" data-id=\"1\">\n    \n<div id=\"gdgallery_container_1\" style=\"display:none;\" data-view=\"justified\">\n\t        <a href=\"\" target=\"_blank\">\n            <img decoding=\"async\" alt=\"Robert Henry Greer\"\n                 data-type=\"image\"\n                 src=\"https:\/\/sandbox.kvalevaag.se\/wp-content\/uploads\/2021\/03\/Robert_Henry_Greer_1.jpg\"\n                 data-image=\"https:\/\/sandbox.kvalevaag.se\/wp-content\/uploads\/2021\/03\/Robert_Henry_Greer_1.jpg\"\n                 data-description=\"Robert Henry och Katrina Maria Theresa med dottern Dorothy Alice. Bilden omkring 1913.\"\n\t\t\t\t                 style=\"display:block\">\n        <\/a>\n\t        <a href=\"\" target=\"_blank\">\n            <img decoding=\"async\" alt=\"Edward Berent Knudsen\"\n                 data-type=\"image\"\n                 src=\"https:\/\/sandbox.kvalevaag.se\/wp-content\/uploads\/2021\/04\/Edward_Berent_Knudsen_1.jpg\"\n                 data-image=\"https:\/\/sandbox.kvalevaag.se\/wp-content\/uploads\/2021\/04\/Edward_Berent_Knudsen_1.jpg\"\n                 data-description=\"Kusinerna Edward Berent Knudsen och Edward Cornelius Risdall p\u00e5 en biltur. n\u00e5gonstans i South Dakota. Vem som tar bilden framgick inte.\"\n\t\t\t\t                 style=\"display:block\">\n        <\/a>\n\t        <a href=\"\" target=\"_blank\">\n            <img decoding=\"async\" alt=\"Familjen Lass\"\n                 data-type=\"image\"\n                 src=\"https:\/\/sandbox.kvalevaag.se\/wp-content\/uploads\/2019\/07\/Fam_Lass_1.jpg\"\n                 data-image=\"https:\/\/sandbox.kvalevaag.se\/wp-content\/uploads\/2019\/07\/Fam_Lass_1.jpg\"\n                 data-description=\"Familjen Lass, fr\u00e5n v\u00e4nster: Fridas mor Anna Marie, Heinrich med Gerda p\u00e5 armen. Frida med Erika p\u00e5 armen. Martin med hans dotter Edith p\u00e5 armen och l\u00e4ngst fram st\u00e5r Willhelm och \u00e4ldsta sonen Karl. Bilden tagen 1931.\"\n\t\t\t\t                 style=\"display:block\">\n        <\/a>\n\t        <a href=\"\" target=\"_blank\">\n            <img decoding=\"async\" alt=\"Gunhild Mathea Johannesdatter\"\n                 data-type=\"image\"\n                 src=\"https:\/\/sandbox.kvalevaag.se\/wp-content\/uploads\/2019\/07\/Gunhild_Mathea_Johannesdatter_1.jpg\"\n                 data-image=\"https:\/\/sandbox.kvalevaag.se\/wp-content\/uploads\/2019\/07\/Gunhild_Mathea_Johannesdatter_1.jpg\"\n                 data-description=\"Gunhild Mathea Johannesdatter (1844\u20131921) kom fr\u00e5n Akershus, Norge, emigrerade till Minnesota, USA.\"\n\t\t\t\t                 style=\"display:block\">\n        <\/a>\n\t        <a href=\"\" target=\"_blank\">\n            <img decoding=\"async\" alt=\"Cordelia Johnson\"\n                 data-type=\"image\"\n                 src=\"https:\/\/sandbox.kvalevaag.se\/wp-content\/uploads\/2019\/07\/Cordelia_Johnson_1.jpg\"\n                 data-image=\"https:\/\/sandbox.kvalevaag.se\/wp-content\/uploads\/2019\/07\/Cordelia_Johnson_1.jpg\"\n                 data-description=\"Foto: Samuel W Tate, Pontiac Illinois, USA, 21 mars 1894\"\n\t\t\t\t                 style=\"display:block\">\n        <\/a>\n\t        <a href=\"\" target=\"_blank\">\n            <img decoding=\"async\" alt=\"Christoffer Olsen Kvalevaag\"\n                 data-type=\"image\"\n                 src=\"https:\/\/sandbox.kvalevaag.se\/wp-content\/uploads\/2019\/07\/Christoffer_Olsen_Kvalevaag_1.jpg\"\n                 data-image=\"https:\/\/sandbox.kvalevaag.se\/wp-content\/uploads\/2019\/07\/Christoffer_Olsen_Kvalevaag_1.jpg\"\n                 data-description=\"Min farfars farbror Christoffer Olsen Kvalevaag. Fotot omkring 1920.\"\n\t\t\t\t                 style=\"display:block\">\n        <\/a>\n\t        <a href=\"\" target=\"_blank\">\n            <img decoding=\"async\" alt=\" Laura Amalie och Bertha Sofie\"\n                 data-type=\"image\"\n                 src=\"https:\/\/sandbox.kvalevaag.se\/wp-content\/uploads\/2019\/07\/Laura_Amalie_Pedersdatter_2.jpg\"\n                 data-image=\"https:\/\/sandbox.kvalevaag.se\/wp-content\/uploads\/2019\/07\/Laura_Amalie_Pedersdatter_2.jpg\"\n                 data-description=\"Min farfars systrar Laura Amalie och hennes syster Bertha Sofie\"\n\t\t\t\t                 style=\"display:block\">\n        <\/a>\n\t        <a href=\"\" target=\"_blank\">\n            <img decoding=\"async\" alt=\"Gitte Halvorine Halvorsdatter\"\n                 data-type=\"image\"\n                 src=\"https:\/\/sandbox.kvalevaag.se\/wp-content\/uploads\/2021\/03\/Gitte_Halvorine_Halvorsdatter_1.jpg\"\n                 data-image=\"https:\/\/sandbox.kvalevaag.se\/wp-content\/uploads\/2021\/03\/Gitte_Halvorine_Halvorsdatter_1.jpg\"\n                 data-description=\"Gitte Halvorine och Rasmus Cornelius med sina barn varav ett \u00e4r Clara Christina. Foto tagit vid Leeds, 262 Columbia Street, Brooklyn, New York, 1893.\"\n\t\t\t\t                 style=\"display:block\">\n        <\/a>\n\t        <a href=\"\" target=\"_blank\">\n            <img decoding=\"async\" alt=\"Jacobine Eliasdatter\"\n                 data-type=\"image\"\n                 src=\"https:\/\/sandbox.kvalevaag.se\/wp-content\/uploads\/2021\/05\/Jacobine_Eliasdatter_2.jpg\"\n                 data-image=\"https:\/\/sandbox.kvalevaag.se\/wp-content\/uploads\/2021\/05\/Jacobine_Eliasdatter_2.jpg\"\n                 data-description=\"Aselina (Lena) Jacobson med sin man Erik Liknes och dotter i kn\u00e4t. Abelone och Elias Jacobson, sonen Edward, Cornelius Charlie Nelson med hustrun Jacobine, dotter till Elias och Abelone. Bak i mitten st\u00e5r bland annat Katherine och Ann Martha. Framme till h\u00f6ger Leonard Liknes, Mabel och Emma, barn till Jacobine och Charlie Nelson. Foto: Martin R Simons, Willmar, Kandiyohi County, Minnesota.\"\n\t\t\t\t                 style=\"display:block\">\n        <\/a>\n\t        <a href=\"\" target=\"_blank\">\n            <img decoding=\"async\" alt=\"Willhelm Heinrich Schmidt\"\n                 data-type=\"image\"\n                 src=\"https:\/\/sandbox.kvalevaag.se\/wp-content\/uploads\/2019\/07\/Willhelm_Heinrich_Schmidt_1.jpg\"\n                 data-image=\"https:\/\/sandbox.kvalevaag.se\/wp-content\/uploads\/2019\/07\/Willhelm_Heinrich_Schmidt_1.jpg\"\n                 data-description=\"Willhelm Heinrich och hans bror Adolf Thomas Schmidt. Fotot tagit i Hoboken, New Jersey, USA. Bilden tagen omkring 1890.\"\n\t\t\t\t                 style=\"display:block\">\n        <\/a>\n\t        <a href=\"\" target=\"_blank\">\n            <img decoding=\"async\" alt=\"Ethel Elfride Louise Boge\"\n                 data-type=\"image\"\n                 src=\"https:\/\/sandbox.kvalevaag.se\/wp-content\/uploads\/2021\/03\/Ethel_Elfride_Louise_Boge_1.jpg\"\n                 data-image=\"https:\/\/sandbox.kvalevaag.se\/wp-content\/uploads\/2021\/03\/Ethel_Elfride_Louise_Boge_1.jpg\"\n                 data-description=\"Fr\u00e5n v\u00e4nster Hilda Elizabeth May, Clara Ethel Cecelia, och Katrina Maria Theresa. Bak st\u00e5r Ethel Elfride Louise. Bilden \u00e4r fr\u00e5n sekelskiftet 1900.\"\n\t\t\t\t                 style=\"display:block\">\n        <\/a>\n\t        <a href=\"\" target=\"_blank\">\n            <img decoding=\"async\" alt=\"Anna Sch\u00fcmann\"\n                 data-type=\"image\"\n                 src=\"https:\/\/sandbox.kvalevaag.se\/wp-content\/uploads\/2019\/07\/Anna_Schumann_3.jpg\"\n                 data-image=\"https:\/\/sandbox.kvalevaag.se\/wp-content\/uploads\/2019\/07\/Anna_Schumann_3.jpg\"\n                 data-description=\"Min mormors syster Anna Sch\u00fcmann tillsammans med en manlig bekant\"\n\t\t\t\t                 style=\"display:block\">\n        <\/a>\n\t        <a href=\"\" target=\"_blank\">\n            <img decoding=\"async\" alt=\"Dena Karoline Gunderson\"\n                 data-type=\"image\"\n                 src=\"https:\/\/sandbox.kvalevaag.se\/wp-content\/uploads\/2022\/08\/Dena_Karoline_Gunderson_1.jpg\"\n                 data-image=\"https:\/\/sandbox.kvalevaag.se\/wp-content\/uploads\/2022\/08\/Dena_Karoline_Gunderson_1.jpg\"\n                 data-description=\"Systrarna Dena Karoline och Anna Margaret Gunderson. Bilden tagen omkring 1900 i Hamlin County, South Dakota.\"\n\t\t\t\t                 style=\"display:block\">\n        <\/a>\n\t        <a href=\"\" target=\"_blank\">\n            <img decoding=\"async\" alt=\"Raynor Everett Amundsen\"\n                 data-type=\"image\"\n                 src=\"https:\/\/sandbox.kvalevaag.se\/wp-content\/uploads\/2021\/03\/Raynor_Everett_Amundsen_3.jpg\"\n                 data-image=\"https:\/\/sandbox.kvalevaag.se\/wp-content\/uploads\/2021\/03\/Raynor_Everett_Amundsen_3.jpg\"\n                 data-description=\"Syskonen Ruth Lucille och Raynor Everett Amundsen i sina fina automobilglas\u00f6gon. Omkring 1935.\"\n\t\t\t\t                 style=\"display:block\">\n        <\/a>\n\t        <a href=\"\" target=\"_blank\">\n            <img decoding=\"async\" alt=\"Bertha och Martin Walker\"\n                 data-type=\"image\"\n                 src=\"https:\/\/sandbox.kvalevaag.se\/wp-content\/uploads\/2019\/07\/Ole_Mathias_Martin_Olsen_Walker_2.jpg\"\n                 data-image=\"https:\/\/sandbox.kvalevaag.se\/wp-content\/uploads\/2019\/07\/Ole_Mathias_Martin_Olsen_Walker_2.jpg\"\n                 data-description=\"Bertha och Martin Walker med Orivie. Fotot tagit 1897 i Hamilton, Iowa, USA\"\n\t\t\t\t                 style=\"display:block\">\n        <\/a>\n\t        <a href=\"\" target=\"_blank\">\n            <img decoding=\"async\" alt=\"Gustav Carl Herman Lohman\"\n                 data-type=\"image\"\n                 src=\"https:\/\/sandbox.kvalevaag.se\/wp-content\/uploads\/2019\/07\/Gustav_Carl_Herman_Lohman_1.jpg\"\n                 data-image=\"https:\/\/sandbox.kvalevaag.se\/wp-content\/uploads\/2019\/07\/Gustav_Carl_Herman_Lohman_1.jpg\"\n                 data-description=\"Gustav Carl Herman Lohman (1891\u20131963) arbetade som t\u00e5gkondukt\u00f6r i Minnesota, USA\"\n\t\t\t\t                 style=\"display:block\">\n        <\/a>\n\t        <a href=\"\" target=\"_blank\">\n            <img decoding=\"async\" alt=\"Olava Nilsdatter Ryg\"\n                 data-type=\"image\"\n                 src=\"https:\/\/sandbox.kvalevaag.se\/wp-content\/uploads\/2019\/07\/Olava_Nilsdatter_1.jpg\"\n                 data-image=\"https:\/\/sandbox.kvalevaag.se\/wp-content\/uploads\/2019\/07\/Olava_Nilsdatter_1.jpg\"\n                 data-description=\"Olava Nilsdatter Ryg (1846-1943) fotot taget i Radcliffe, Iowa 1882\"\n\t\t\t\t                 style=\"display:block\">\n        <\/a>\n\t        <a href=\"\" target=\"_blank\">\n            <img decoding=\"async\" alt=\"Frida Lass\"\n                 data-type=\"image\"\n                 src=\"https:\/\/sandbox.kvalevaag.se\/wp-content\/uploads\/2019\/07\/Frida_Lass_1.jpg\"\n                 data-image=\"https:\/\/sandbox.kvalevaag.se\/wp-content\/uploads\/2019\/07\/Frida_Lass_1.jpg\"\n                 data-description=\"Min mormor Frida Lass, Bilden troligen tagen efter kriget omkring 1947.\"\n\t\t\t\t                 style=\"display:block\">\n        <\/a>\n\t        <a href=\"\" target=\"_blank\">\n            <img decoding=\"async\" alt=\"Hans Andreas Eilertsen Dyrland \"\n                 data-type=\"image\"\n                 src=\"https:\/\/sandbox.kvalevaag.se\/wp-content\/uploads\/2020\/06\/Hans_Andreas_Eilertsen_Dyrland_1.jpg\"\n                 data-image=\"https:\/\/sandbox.kvalevaag.se\/wp-content\/uploads\/2020\/06\/Hans_Andreas_Eilertsen_Dyrland_1.jpg\"\n                 data-description=\"Hans Andreas Eilertsen Dyrland  f\u00f6dd 1886 p\u00e5 Dyrland Skudenes. Avled i en i t\u00e5golycka 1906 vid Finley, Steele County, North Dakota.\"\n\t\t\t\t                 style=\"display:block\">\n        <\/a>\n\t        <a href=\"\" target=\"_blank\">\n            <img decoding=\"async\" alt=\"Olava Severine Pedersdatter Kvalev\u00e5g\"\n                 data-type=\"image\"\n                 src=\"https:\/\/sandbox.kvalevaag.se\/wp-content\/uploads\/2019\/07\/Olava_Severine_Pedersdatter_Kvalevaag_1.jpg\"\n                 data-image=\"https:\/\/sandbox.kvalevaag.se\/wp-content\/uploads\/2019\/07\/Olava_Severine_Pedersdatter_Kvalevaag_1.jpg\"\n                 data-description=\"Min farfars syster Olava Severine Pedersdatter Kvalev\u00e5g 1875 \u2013 1970. Fotot taget omkring 1909 av fotografen Kristofa Jansen Gr\u00f8n, Haugesund\"\n\t\t\t\t                 style=\"display:block\">\n        <\/a>\n\t        <a href=\"\" target=\"_blank\">\n            <img decoding=\"async\" alt=\"Heinrich Peter Lass\"\n                 data-type=\"image\"\n                 src=\"https:\/\/sandbox.kvalevaag.se\/wp-content\/uploads\/2019\/07\/Peter_Schumann.jpg\"\n                 data-image=\"https:\/\/sandbox.kvalevaag.se\/wp-content\/uploads\/2019\/07\/Peter_Schumann.jpg\"\n                 data-description=\"Bilden f\u00f6rmodlingen tagen 1916 p\u00e5 sommaren. Heinrich sittande med sin son Karl intill. Frida hans fru till v\u00e4nster med deras dotter Marie i kn\u00e4t. Fridas syster Amanda st\u00e5r intill Heinrich. Peter i uniform men en ok\u00e4nd kvinna i mitten. \"\n\t\t\t\t                 style=\"display:block\">\n        <\/a>\n\t        <a href=\"\" target=\"_blank\">\n            <img decoding=\"async\" alt=\"Hans Urdahl\"\n                 data-type=\"image\"\n                 src=\"https:\/\/sandbox.kvalevaag.se\/wp-content\/uploads\/2019\/07\/Hans_Urdahl_2.jpg\"\n                 data-image=\"https:\/\/sandbox.kvalevaag.se\/wp-content\/uploads\/2019\/07\/Hans_Urdahl_2.jpg\"\n                 data-description=\"Hans Urdahl (1858\u20131913), min farmors farfars morfars morbror och Br\u00f8nla Hilda Torbj\u00f8rnsdatter Hovick br\u00f6llopsfoto fr\u00e5n 1894\"\n\t\t\t\t                 style=\"display:block\">\n        <\/a>\n\t        <a href=\"\" target=\"_blank\">\n            <img decoding=\"async\" alt=\"Ole Johan Kvalevog familj\"\n                 data-type=\"image\"\n                 src=\"https:\/\/sandbox.kvalevaag.se\/wp-content\/uploads\/2019\/07\/o_1bja5f9q936316geiqk1k75qoca.jpg\"\n                 data-image=\"https:\/\/sandbox.kvalevaag.se\/wp-content\/uploads\/2019\/07\/o_1bja5f9q936316geiqk1k75qoca.jpg\"\n                 data-description=\"Ole Johan Kvalevog 1877 \u2013 1954 tillsammans med sin familj. Bakom Ole Johan st\u00e5r Olga och Lillie. P\u00e5 armst\u00f6det sitter Gustav och i Tala Christina famn sitter Oscar. Fotot omkring 1909.\"\n\t\t\t\t                 style=\"display:block\">\n        <\/a>\n\t        <a href=\"\" target=\"_blank\">\n            <img decoding=\"async\" alt=\"Bert Arnold Arneson\"\n                 data-type=\"image\"\n                 src=\"https:\/\/sandbox.kvalevaag.se\/wp-content\/uploads\/2020\/06\/Bert_Arnold_Arneson_3.jpg\"\n                 data-image=\"https:\/\/sandbox.kvalevaag.se\/wp-content\/uploads\/2020\/06\/Bert_Arnold_Arneson_3.jpg\"\n                 data-description=\"Bert Arnold Arneson f\u00f6dd 1897 i Morris, Grundy County, Illinois. Avled 1882 i Jewell, Hamilton County, Iowa. Bert Arnold deltog f\u00f6r USA i b\u00e5da v\u00e4rldskrigen.  Br\u00f6llopsfoto 1910. Foto, Brown Webster City, Hamilton County, Iowa\"\n\t\t\t\t                 style=\"display:block\">\n        <\/a>\n\t        <a href=\"\" target=\"_blank\">\n            <img decoding=\"async\" alt=\"John Eilertsen Dyrland\"\n                 data-type=\"image\"\n                 src=\"https:\/\/sandbox.kvalevaag.se\/wp-content\/uploads\/2020\/05\/John_Eilertsen_Dyrland_1.jpg\"\n                 data-image=\"https:\/\/sandbox.kvalevaag.se\/wp-content\/uploads\/2020\/05\/John_Eilertsen_Dyrland_1.jpg\"\n                 data-description=\"John Dyrland och Anne Erickson tillsammans med fyra av sex barn. Bilden tagen f\u00f6rmodligen omkring 1895 i Traill County, North Dakota.\"\n\t\t\t\t                 style=\"display:block\">\n        <\/a>\n\t        <a href=\"\" target=\"_blank\">\n            <img decoding=\"async\" alt=\"Barney Nilsen Orsland familj\"\n                 data-type=\"image\"\n                 src=\"https:\/\/sandbox.kvalevaag.se\/wp-content\/uploads\/2019\/07\/Barney_Nilsen_Orsland_2.jpg\"\n                 data-image=\"https:\/\/sandbox.kvalevaag.se\/wp-content\/uploads\/2019\/07\/Barney_Nilsen_Orsland_2.jpg\"\n                 data-description=\"Baard Barney Nilsen Orsland fr\u00e5n Skjold (1851\u20131927) med hustrun Martha Emily Buland, sonen Noah G och dottern Ella Mae. Omkring 1890.\"\n\t\t\t\t                 style=\"display:block\">\n        <\/a>\n\t        <a href=\"\" target=\"_blank\">\n            <img decoding=\"async\" alt=\"Heinrich Peter Lass\"\n                 data-type=\"image\"\n                 src=\"https:\/\/sandbox.kvalevaag.se\/wp-content\/uploads\/2019\/07\/Heinrich-Peter_Lass5.jpg\"\n                 data-image=\"https:\/\/sandbox.kvalevaag.se\/wp-content\/uploads\/2019\/07\/Heinrich-Peter_Lass5.jpg\"\n                 data-description=\"Bilden tagen under 2:a v\u00e4rldskriget d\u00e5 min morfar Heinrich Lass tj\u00e4nstgjorde som byggnadsarbetare.\"\n\t\t\t\t                 style=\"display:block\">\n        <\/a>\n\t        <a href=\"\" target=\"_blank\">\n            <img decoding=\"async\" alt=\"Carl Severin Christofferson barn\"\n                 data-type=\"image\"\n                 src=\"https:\/\/sandbox.kvalevaag.se\/wp-content\/uploads\/2019\/07\/Gladys_Agatha_Christofferson_2.jpg\"\n                 data-image=\"https:\/\/sandbox.kvalevaag.se\/wp-content\/uploads\/2019\/07\/Gladys_Agatha_Christofferson_2.jpg\"\n                 data-description=\"Elisabet Gurine och Carl Severin Christofferson barn Gladys, Martha och Clarence. Fotot taget omkring 1913.\"\n\t\t\t\t                 style=\"display:block\">\n        <\/a>\n\t        <a href=\"\" target=\"_blank\">\n            <img decoding=\"async\" alt=\"Sivert Andreas Larssen Jakobsen och Gurine Alette Gabrielsdatter Fj\u00e6r\"\n                 data-type=\"image\"\n                 src=\"https:\/\/sandbox.kvalevaag.se\/wp-content\/uploads\/2019\/07\/o_1bja5jdulednhua18ur5bjo57i.jpg\"\n                 data-image=\"https:\/\/sandbox.kvalevaag.se\/wp-content\/uploads\/2019\/07\/o_1bja5jdulednhua18ur5bjo57i.jpg\"\n                 data-description=\"Br\u00f6llopsfoto f\u00f6r Sivert Andreas Larssen Jakobsen 1875 \u2013 1947 och Gurine Alette Gabrielsdatter Fj\u00e6r 1885 \u2013 1918. Foto 30 juni 1906.\"\n\t\t\t\t                 style=\"display:block\">\n        <\/a>\n\t        <a href=\"\" target=\"_blank\">\n            <img decoding=\"async\" alt=\"Knut Thomassen Smedsvig\"\n                 data-type=\"image\"\n                 src=\"https:\/\/sandbox.kvalevaag.se\/wp-content\/uploads\/2020\/06\/Knut_Thomassen_Smedsvig_1.jpg\"\n                 data-image=\"https:\/\/sandbox.kvalevaag.se\/wp-content\/uploads\/2020\/06\/Knut_Thomassen_Smedsvig_1.jpg\"\n                 data-description=\"Knut Thomassen Smedsvig, skeppare, f\u00f6dd 1860 p\u00e5 Haraldseid, Skjold. Omkom 1903 vid f\u00f6rlisningen av D\/S Haraldsvang Trapani, Sicilien, Italien. Foto, J Rosenberg, Danzig, \u00c4gare, Karmsund folkemuseum.\"\n\t\t\t\t                 style=\"display:block\">\n        <\/a>\n\t        <a href=\"\" target=\"_blank\">\n            <img decoding=\"async\" alt=\"Glendale\"\n                 data-type=\"image\"\n                 src=\"https:\/\/sandbox.kvalevaag.se\/wp-content\/uploads\/2021\/09\/Carl_Sverre_Rasmussen_3.jpg\"\n                 data-image=\"https:\/\/sandbox.kvalevaag.se\/wp-content\/uploads\/2021\/09\/Carl_Sverre_Rasmussen_3.jpg\"\n                 data-description=\"Aff\u00e4ren i Glendale, Milwaukee County, Wisconsin.\"\n\t\t\t\t                 style=\"display:block\">\n        <\/a>\n\t        <a href=\"\" target=\"_blank\">\n            <img decoding=\"async\" alt=\"Karl Lass\"\n                 data-type=\"image\"\n                 src=\"https:\/\/sandbox.kvalevaag.se\/wp-content\/uploads\/2019\/07\/Karl_Lass3.jpg\"\n                 data-image=\"https:\/\/sandbox.kvalevaag.se\/wp-content\/uploads\/2019\/07\/Karl_Lass3.jpg\"\n                 data-description=\"Min morbror Karl Lass. Bilden \u00e4r troligen tagen 1928\u201329 i tr\u00e4dg\u00e5rden p\u00e5 Karpfenteich 31 av hans moster Amanda.\"\n\t\t\t\t                 style=\"display:block\">\n        <\/a>\n\t        <a href=\"\" target=\"_blank\">\n            <img decoding=\"async\" alt=\"Willhelm Fritz Lass\"\n                 data-type=\"image\"\n                 src=\"https:\/\/sandbox.kvalevaag.se\/wp-content\/uploads\/2019\/07\/Willhelm_Lass1.jpg\"\n                 data-image=\"https:\/\/sandbox.kvalevaag.se\/wp-content\/uploads\/2019\/07\/Willhelm_Lass1.jpg\"\n                 data-description=\"Willi p\u00e5 h\u00e4sten Teufel (fan). Vid artilleriregementet i N\u00fcrnberg utbildades han till kurir med egen h\u00e4st.\"\n\t\t\t\t                 style=\"display:block\">\n        <\/a>\n\t        <a href=\"\" target=\"_blank\">\n            <img decoding=\"async\" alt=\"Robert Adolph Amundsen\"\n                 data-type=\"image\"\n                 src=\"https:\/\/sandbox.kvalevaag.se\/wp-content\/uploads\/2021\/03\/Robert_Adolph_Amundsen_1.jpg\"\n                 data-image=\"https:\/\/sandbox.kvalevaag.se\/wp-content\/uploads\/2021\/03\/Robert_Adolph_Amundsen_1.jpg\"\n                 data-description=\"Robert Adolph Amundsen poserar framf\u00f6r kameran. Bilden tagen omkring 1895.\"\n\t\t\t\t                 style=\"display:block\">\n        <\/a>\n\t        <a href=\"\" target=\"_blank\">\n            <img decoding=\"async\" alt=\"Bertha Sofie Pedersdatter Kvalav\u00e5g\"\n                 data-type=\"image\"\n                 src=\"https:\/\/sandbox.kvalevaag.se\/wp-content\/uploads\/2019\/07\/o_1bja4p4n18snae6ffi1fv61qldi.jpg\"\n                 data-image=\"https:\/\/sandbox.kvalevaag.se\/wp-content\/uploads\/2019\/07\/o_1bja4p4n18snae6ffi1fv61qldi.jpg\"\n                 data-description=\"Min farfars syster Bertha Sofie Pedersdatter Kvalav\u00e5g 1887 \u2013 1947. Fotot taget omkring 1910 av fotografen Hakon Johannessen Stavanger.\"\n\t\t\t\t                 style=\"display:block\">\n        <\/a>\n\t        <a href=\"\" target=\"_blank\">\n            <img decoding=\"async\" alt=\"Selma Marie Pedersen\"\n                 data-type=\"image\"\n                 src=\"https:\/\/sandbox.kvalevaag.se\/wp-content\/uploads\/2019\/07\/Selma_Marie_Pedersen_1.jpg\"\n                 data-image=\"https:\/\/sandbox.kvalevaag.se\/wp-content\/uploads\/2019\/07\/Selma_Marie_Pedersen_1.jpg\"\n                 data-description=\"Min farfars brorsdotter Selma Marie Pedersen. Foto: Carl Jacobsen Stavanger omkring 1920\"\n\t\t\t\t                 style=\"display:block\">\n        <\/a>\n\t        <a href=\"\" target=\"_blank\">\n            <img decoding=\"async\" alt=\"Bertha Serena Halverson\"\n                 data-type=\"image\"\n                 src=\"https:\/\/sandbox.kvalevaag.se\/wp-content\/uploads\/2021\/11\/Bertha_Serena_Halverson_1.jpg\"\n                 data-image=\"https:\/\/sandbox.kvalevaag.se\/wp-content\/uploads\/2021\/11\/Bertha_Serena_Halverson_1.jpg\"\n                 data-description=\"Bertha Serena och Walter Douglas med sin barnaskara utanf\u00f6r deras hem i Columbus, Stillwater County, Montana. De fick nio barn, bilden tagen omkring 1929. \"\n\t\t\t\t                 style=\"display:block\">\n        <\/a>\n\t        <a href=\"\" target=\"_blank\">\n            <img decoding=\"async\" alt=\"Erik Johnsen\"\n                 data-type=\"image\"\n                 src=\"https:\/\/sandbox.kvalevaag.se\/wp-content\/uploads\/2019\/11\/Erik_Johnsen_1.jpg\"\n                 data-image=\"https:\/\/sandbox.kvalevaag.se\/wp-content\/uploads\/2019\/11\/Erik_Johnsen_1.jpg\"\n                 data-description=\"Erik Johnsen f\u00f6dd 1852 p\u00e5 Vestersj\u00f8, Hjelmeland, fotograferad omkring 1870 i sin milit\u00e4runiform. Intill har sitt Remington gev\u00e4r, 12,7 \u00d7 44 med l\u00e5ng sabelbajonett. Uniformen kom 1867\"\n\t\t\t\t                 style=\"display:block\">\n        <\/a>\n\t        <a href=\"\" target=\"_blank\">\n            <img decoding=\"async\" alt=\"Charlotte Paula och Petra Elaine Hartland\"\n                 data-type=\"image\"\n                 src=\"https:\/\/sandbox.kvalevaag.se\/wp-content\/uploads\/2019\/07\/Charlotte_Paula_Falch_Pedersen_Hartland_2.jpg\"\n                 data-image=\"https:\/\/sandbox.kvalevaag.se\/wp-content\/uploads\/2019\/07\/Charlotte_Paula_Falch_Pedersen_Hartland_2.jpg\"\n                 data-description=\"Charlotte Paula f\u00f6dd 1887 och Petra Elaine 1894 p\u00e5 Stamnes, Hjartland, Nordland\"\n\t\t\t\t                 style=\"display:block\">\n        <\/a>\n\t        <a href=\"\" target=\"_blank\">\n            <img decoding=\"async\" alt=\"Ole Gundersen Olsen\"\n                 data-type=\"image\"\n                 src=\"https:\/\/sandbox.kvalevaag.se\/wp-content\/uploads\/2019\/07\/Ole_Gundersen_Tjostheim.jpg\"\n                 data-image=\"https:\/\/sandbox.kvalevaag.se\/wp-content\/uploads\/2019\/07\/Ole_Gundersen_Tjostheim.jpg\"\n                 data-description=\"Ole Gundersen Olsen emigrerade till USA 1858, Han arbetade som snickare i Chicago och etablerade sig sm\u00e5ningom som Byggm\u00e4stare.\"\n\t\t\t\t                 style=\"display:block\">\n        <\/a>\n\t        <a href=\"\" target=\"_blank\">\n            <img decoding=\"async\" alt=\"Hovick familj\"\n                 data-type=\"image\"\n                 src=\"https:\/\/sandbox.kvalevaag.se\/wp-content\/uploads\/2019\/07\/Hovick_Family_1.jpg\"\n                 data-image=\"https:\/\/sandbox.kvalevaag.se\/wp-content\/uploads\/2019\/07\/Hovick_Family_1.jpg\"\n                 data-description=\"Alla barnen i familjen \u00e4r samlade. Tjerand Charles (l\u00e4ngst till v\u00e4nster), Br\u00f8nla Hilda, Astrid Esther, Nels, Andrew, Tom och Ida Hovick emigrerade till omkring 1887 till Iowa, USA. Tjerand Charles arbetade som hissmont\u00f6r. \"\n\t\t\t\t                 style=\"display:block\">\n        <\/a>\n\t        <a href=\"\" target=\"_blank\">\n            <img decoding=\"async\" alt=\"Egelius Olsen Dalen\"\n                 data-type=\"image\"\n                 src=\"https:\/\/sandbox.kvalevaag.se\/wp-content\/uploads\/2021\/09\/Egelius_Olsen_Dalen_1.jpg\"\n                 data-image=\"https:\/\/sandbox.kvalevaag.se\/wp-content\/uploads\/2021\/09\/Egelius_Olsen_Dalen_1.jpg\"\n                 data-description=\"Egelius och Ingeborg Kathrine med barnen Ingvald Kornelius och Ole Johan Dalen. Foto C.W.T. Monrad, Haugesund.\"\n\t\t\t\t                 style=\"display:block\">\n        <\/a>\n\t        <a href=\"\" target=\"_blank\">\n            <img decoding=\"async\" alt=\"Enok Mandius Dyrland\"\n                 data-type=\"image\"\n                 src=\"https:\/\/sandbox.kvalevaag.se\/wp-content\/uploads\/2020\/05\/Enok_Mandius_Eilertsen_Dyrland_2.jpg\"\n                 data-image=\"https:\/\/sandbox.kvalevaag.se\/wp-content\/uploads\/2020\/05\/Enok_Mandius_Eilertsen_Dyrland_2.jpg\"\n                 data-description=\"John Dyrland och Anne Erickson tillsammans med fyra av sex barn. Bilden tagen f\u00f6rmodligen omkring 1895 i Traill County, North Dakota.\"\n\t\t\t\t                 style=\"display:block\">\n        <\/a>\n\t        <a href=\"\" target=\"_blank\">\n            <img decoding=\"async\" alt=\"Marie och Egil Kvalevaag\"\n                 data-type=\"image\"\n                 src=\"https:\/\/sandbox.kvalevaag.se\/wp-content\/uploads\/2019\/07\/Marie_Egil.jpg\"\n                 data-image=\"https:\/\/sandbox.kvalevaag.se\/wp-content\/uploads\/2019\/07\/Marie_Egil.jpg\"\n                 data-description=\"Min faster Marie Johanne Kvalevaag med sin kusin Egil p\u00e5 armen.\"\n\t\t\t\t                 style=\"display:block\">\n        <\/a>\n\t        <a href=\"\" target=\"_blank\">\n            <img decoding=\"async\" alt=\"Aadne Kornelius Pedersen Kvalev\u00e5g\"\n                 data-type=\"image\"\n                 src=\"https:\/\/sandbox.kvalevaag.se\/wp-content\/uploads\/2019\/07\/Aadne_Kornelius_Pedersen_Kvalevaag_2.jpg\"\n                 data-image=\"https:\/\/sandbox.kvalevaag.se\/wp-content\/uploads\/2019\/07\/Aadne_Kornelius_Pedersen_Kvalevaag_2.jpg\"\n                 data-description=\"Br\u00f6llopsfoto f\u00f6r Aadne Kornelius Pedersen Kvalev\u00e5g och Tala Sofie Gunnarsdatter. Foto: Ole Olvik, Haugesund 21 april 1899-\"\n\t\t\t\t                 style=\"display:block\">\n        <\/a>\n\t        <a href=\"\" target=\"_blank\">\n            <img decoding=\"async\" alt=\"Marie och Bergljot Kvalevaag\"\n                 data-type=\"image\"\n                 src=\"https:\/\/sandbox.kvalevaag.se\/wp-content\/uploads\/2019\/07\/Marie_Bergljot.jpg\"\n                 data-image=\"https:\/\/sandbox.kvalevaag.se\/wp-content\/uploads\/2019\/07\/Marie_Bergljot.jpg\"\n                 data-description=\"Mina fastrar Marie och Bergljot Kvalevaag.\"\n\t\t\t\t                 style=\"display:block\">\n        <\/a>\n\t        <a href=\"\" target=\"_blank\">\n            <img decoding=\"async\" alt=\"Wadholm familj\"\n                 data-type=\"image\"\n                 src=\"https:\/\/sandbox.kvalevaag.se\/wp-content\/uploads\/2019\/07\/Johannes_James_Larsen_Wadholm_2.jpg\"\n                 data-image=\"https:\/\/sandbox.kvalevaag.se\/wp-content\/uploads\/2019\/07\/Johannes_James_Larsen_Wadholm_2.jpg\"\n                 data-description=\"Fr\u00e5n v\u00e4nster st\u00e5r Tobias Thomas Wadholm, framf\u00f6r honom st\u00e5r dottern Myrtle Christine, hennes syskon Dena Louise, Aase Marie Falk, Grethe Sophia och Lorene Marie Wadholm. I mitten st\u00e5r Jensine Christine Pedersdatter, intill st\u00e5r hennes dotter Charlotte Pedersen Hartland, framf\u00f6r st\u00e5r hennes tv\u00e5\u00e5riga son Theodore Paul Wadholm och intill brodern Fred Hartland. Sen kommer Johannes James Wadholm, Paul Hartland och l\u00e4ngts till h\u00f6ger st\u00e5r Adolf Satergren. Foto: Anders Andrew Wadholm, 1922 Familjen Wadholm immigrerade till Red Oak, Montgomery County, Iowa 1882. De kom fr\u00e5n Vaholmen i Skudeneshavn p\u00e5 Karm\u00f8y.\"\n\t\t\t\t                 style=\"display:block\">\n        <\/a>\n\t        <a href=\"\" target=\"_blank\">\n            <img decoding=\"async\" alt=\"Thor Thorsen Aksdal och Laura Amalie Pedersdatter\"\n                 data-type=\"image\"\n                 src=\"https:\/\/sandbox.kvalevaag.se\/wp-content\/uploads\/2019\/07\/Thor_Thorsen_Aksdal_Laura_Amalie_Pedersdatter_1917_1.jpg\"\n                 data-image=\"https:\/\/sandbox.kvalevaag.se\/wp-content\/uploads\/2019\/07\/Thor_Thorsen_Aksdal_Laura_Amalie_Pedersdatter_1917_1.jpg\"\n                 data-description=\"Br\u00f6llopsfoto 1 feb 1917 f\u00f6r Thor Thorsen Aksdal och min farfars syster Laura Amalie Pedersdatter. Foto: Hakon Johannessen Stavanger.\"\n\t\t\t\t                 style=\"display:block\">\n        <\/a>\n\t        <a href=\"\" target=\"_blank\">\n            <img decoding=\"async\" alt=\"Br\u00f8nla Balinda Serine Jakobsdatter\"\n                 data-type=\"image\"\n                 src=\"https:\/\/sandbox.kvalevaag.se\/wp-content\/uploads\/2020\/06\/Bronla_Serina_Jakobsdatter_1.jpg\"\n                 data-image=\"https:\/\/sandbox.kvalevaag.se\/wp-content\/uploads\/2020\/06\/Bronla_Serina_Jakobsdatter_1.jpg\"\n                 data-description=\"Br\u00f8nla Balinda Serine Jakobsdatter f\u00f6dd 1863 p\u00e5 Svinali, Skjold. Avled 1963 I Story City, Story County, Iowa. Balinda var barnmorska.\"\n\t\t\t\t                 style=\"display:block\">\n        <\/a>\n\t        <a href=\"\" target=\"_blank\">\n            <img decoding=\"async\" alt=\"Johanna Alette Abelsen\"\n                 data-type=\"image\"\n                 src=\"https:\/\/sandbox.kvalevaag.se\/wp-content\/uploads\/2021\/05\/Johanna_Alette_Abelsen_2.jpg\"\n                 data-image=\"https:\/\/sandbox.kvalevaag.se\/wp-content\/uploads\/2021\/05\/Johanna_Alette_Abelsen_2.jpg\"\n                 data-description=\"Johanna Alette Abelsen f\u00f6dd 1868 Skudenes, Karm\u00f8y, avled 1965 Yankton County, South Dakota. Bilden tagen omkring 1885. av fotograf Rounds, Yankton South Dakota. \"\n\t\t\t\t                 style=\"display:block\">\n        <\/a>\n\t        <a href=\"\" target=\"_blank\">\n            <img decoding=\"async\" alt=\"Thomas Enderson\"\n                 data-type=\"image\"\n                 src=\"https:\/\/sandbox.kvalevaag.se\/wp-content\/uploads\/2020\/06\/Thomas_Enderson_5.jpg\"\n                 data-image=\"https:\/\/sandbox.kvalevaag.se\/wp-content\/uploads\/2020\/06\/Thomas_Enderson_5.jpg\"\n                 data-description=\"Thomas Enderson f\u00f6dd 1895 i Clear Lake Township, Hamilton County, Iowa.  Avled 1990 i Saint Pauls Church Cemetery, Jewell, Hamilton County, Iowa. Thomas deltog f\u00f6r USA i b\u00e5da v\u00e4rldskrigen.\"\n\t\t\t\t                 style=\"display:block\">\n        <\/a>\n\t        <a href=\"\" target=\"_blank\">\n            <img decoding=\"async\" alt=\"Jette Gurine Johnsdatter\"\n                 data-type=\"image\"\n                 src=\"https:\/\/sandbox.kvalevaag.se\/wp-content\/uploads\/2020\/05\/Jette_Gurine_Johnsdatter_1.jpg\"\n                 data-image=\"https:\/\/sandbox.kvalevaag.se\/wp-content\/uploads\/2020\/05\/Jette_Gurine_Johnsdatter_1.jpg\"\n                 data-description=\"Jette Gurine Johnsdatter i sin finaste kappa. Bilden tagen omkring 1900 i Finley, Steele County, North Dakota.\"\n\t\t\t\t                 style=\"display:block\">\n        <\/a>\n\t        <a href=\"\" target=\"_blank\">\n            <img decoding=\"async\" alt=\"Peder_Bertin2\"\n                 data-type=\"image\"\n                 src=\"https:\/\/sandbox.kvalevaag.se\/wp-content\/uploads\/2019\/07\/Peder_Bertin2.jpg\"\n                 data-image=\"https:\/\/sandbox.kvalevaag.se\/wp-content\/uploads\/2019\/07\/Peder_Bertin2.jpg\"\n                 data-description=\"\"\n\t\t\t\t                 style=\"display:block\">\n        <\/a>\n\t        <a href=\"\" target=\"_blank\">\n            <img decoding=\"async\" alt=\"Berthe Johnsdatter familj\"\n                 data-type=\"image\"\n                 src=\"https:\/\/sandbox.kvalevaag.se\/wp-content\/uploads\/2019\/07\/Benson_Family.jpg\"\n                 data-image=\"https:\/\/sandbox.kvalevaag.se\/wp-content\/uploads\/2019\/07\/Benson_Family.jpg\"\n                 data-description=\"Berthe Johnsdatter familj, hon f\u00f6ddes 1837 och dog 1895 Danway, La Salle, Illinois, USA\"\n\t\t\t\t                 style=\"display:block\">\n        <\/a>\n\t        <a href=\"\" target=\"_blank\">\n            <img decoding=\"async\" alt=\"Laura Amalie Pedersdatter\"\n                 data-type=\"image\"\n                 src=\"https:\/\/sandbox.kvalevaag.se\/wp-content\/uploads\/2019\/07\/Laura_Amalie_Pedersdatter_1.jpg\"\n                 data-image=\"https:\/\/sandbox.kvalevaag.se\/wp-content\/uploads\/2019\/07\/Laura_Amalie_Pedersdatter_1.jpg\"\n                 data-description=\"Min farfars syster Laura Amalie Pedersdatter. Bilden tagen 1897 d\u00e5 Laura var 7 \u00e5r gammal.\"\n\t\t\t\t                 style=\"display:block\">\n        <\/a>\n\t        <a href=\"\" target=\"_blank\">\n            <img decoding=\"async\" alt=\"Peder Bertin\"\n                 data-type=\"image\"\n                 src=\"https:\/\/sandbox.kvalevaag.se\/wp-content\/uploads\/2019\/07\/Peder_Bertin4.jpg\"\n                 data-image=\"https:\/\/sandbox.kvalevaag.se\/wp-content\/uploads\/2019\/07\/Peder_Bertin4.jpg\"\n                 data-description=\"Min farbror Peder Bertin ombord p\u00e5 den bogserb\u00e5t han arbetade p\u00e5 i New Yorks hamn.\"\n\t\t\t\t                 style=\"display:block\">\n        <\/a>\n\t        <a href=\"\" target=\"_blank\">\n            <img decoding=\"async\" alt=\"Amund Pedersen Indbjo och Olava Severine Pedersdatter Kvalev\u00e5g\"\n                 data-type=\"image\"\n                 src=\"https:\/\/sandbox.kvalevaag.se\/wp-content\/uploads\/2019\/07\/Olava_Severine_Pedersdatter_Kvalevaag_2.jpg\"\n                 data-image=\"https:\/\/sandbox.kvalevaag.se\/wp-content\/uploads\/2019\/07\/Olava_Severine_Pedersdatter_Kvalevaag_2.jpg\"\n                 data-description=\"Br\u00f6llopsfoto f\u00f6r Olava Severine Pedersdatter Kvalev\u00e5g och Amund Pedersen Indbjo. Foto: Kristofa Jansen Gr\u00f8n, Haugesund  31\/1 1909.\"\n\t\t\t\t                 style=\"display:block\">\n        <\/a>\n\t        <a href=\"\" target=\"_blank\">\n            <img decoding=\"async\" alt=\"Hilda Alida Dyrland\"\n                 data-type=\"image\"\n                 src=\"https:\/\/sandbox.kvalevaag.se\/wp-content\/uploads\/2020\/05\/Hilda_Alida_Dyrland_1.jpg\"\n                 data-image=\"https:\/\/sandbox.kvalevaag.se\/wp-content\/uploads\/2020\/05\/Hilda_Alida_Dyrland_1.jpg\"\n                 data-description=\"Br\u00f6llopsfoto f\u00f6r Hilda Alida Dyrland och Arthur Anderson. Bilden tagen omkring 1928\"\n\t\t\t\t                 style=\"display:block\">\n        <\/a>\n\t        <a href=\"\" target=\"_blank\">\n            <img decoding=\"async\" alt=\"Sivert Tollefsen Smedsvik\"\n                 data-type=\"image\"\n                 src=\"https:\/\/sandbox.kvalevaag.se\/wp-content\/uploads\/2021\/03\/Sivert_Tollefsen_Smedsvik_1.jpg\"\n                 data-image=\"https:\/\/sandbox.kvalevaag.se\/wp-content\/uploads\/2021\/03\/Sivert_Tollefsen_Smedsvik_1.jpg\"\n                 data-description=\"Skomakaren Sivert Tollefsen Smedsvik som etablerade sig i Stavanger.\"\n\t\t\t\t                 style=\"display:block\">\n        <\/a>\n\t        <a href=\"\" target=\"_blank\">\n            <img decoding=\"async\" alt=\"Clara Jacobina Johnson\"\n                 data-type=\"image\"\n                 src=\"https:\/\/sandbox.kvalevaag.se\/wp-content\/uploads\/2021\/11\/Clara_Jacobina_Johnson_1.jpg\"\n                 data-image=\"https:\/\/sandbox.kvalevaag.se\/wp-content\/uploads\/2021\/11\/Clara_Jacobina_Johnson_1.jpg\"\n                 data-description=\"Syskonskaran Johnson fr\u00e5n v\u00e4ster: Clara Jacobina, Lillian Magdelina, Lauretta Christina och Alma Augusta. I mitten st\u00e5r John Henry framf\u00f6r sina tre yngre syskon fr\u00e5n v\u00e4nster: Esther Elizabet, Marie Dorthea och l\u00e4ngst fram sitter Ruth Agnes. Bilden tagen 1899 vid Stillwater County, Montana.\"\n\t\t\t\t                 style=\"display:block\">\n        <\/a>\n\t        <a href=\"\" target=\"_blank\">\n            <img decoding=\"async\" alt=\"Karl Emil Steffen Sch\u00fcmann\"\n                 data-type=\"image\"\n                 src=\"https:\/\/sandbox.kvalevaag.se\/wp-content\/uploads\/2019\/07\/Karl-Emil_Schumann.jpg\"\n                 data-image=\"https:\/\/sandbox.kvalevaag.se\/wp-content\/uploads\/2019\/07\/Karl-Emil_Schumann.jpg\"\n                 data-description=\"Min mormors far Karl Emil Steffen Sch\u00fcmann i sin lokf\u00f6raruniform.\"\n\t\t\t\t                 style=\"display:block\">\n        <\/a>\n\t        <a href=\"\" target=\"_blank\">\n            <img decoding=\"async\" alt=\"Andreas Andersen Kvalav\u00e5g \"\n                 data-type=\"image\"\n                 src=\"https:\/\/sandbox.kvalevaag.se\/wp-content\/uploads\/2019\/07\/Andreas_Andersen_Kvalavaag_1.jpg\"\n                 data-image=\"https:\/\/sandbox.kvalevaag.se\/wp-content\/uploads\/2019\/07\/Andreas_Andersen_Kvalavaag_1.jpg\"\n                 data-description=\"Andreas Andersen Kvalav\u00e5g med sin fru Martha runt om sig har de sina barn. Fr\u00e5n h\u00f6ger i bakre raden st\u00e5r dottern Anne Kirstine, s\u00f6nerna Anders, Aksel och l\u00e4ngst ut till v\u00e4nster Alfred Martin. I fr\u00e4mre raden sitter fr\u00e5n v\u00e4nster Marta Kristine, Thore Martin, Anne Gurine, Mathilde Helene och i moderns kn\u00e4 David. Omkring 1900\"\n\t\t\t\t                 style=\"display:block\">\n        <\/a>\n\t        <a href=\"\" target=\"_blank\">\n            <img decoding=\"async\" alt=\"Ingeborg Kirstine Pedersdatter\"\n                 data-type=\"image\"\n                 src=\"https:\/\/sandbox.kvalevaag.se\/wp-content\/uploads\/2019\/07\/Ingeborg_Kirstine_Pedersdatter_3.jpg\"\n                 data-image=\"https:\/\/sandbox.kvalevaag.se\/wp-content\/uploads\/2019\/07\/Ingeborg_Kirstine_Pedersdatter_3.jpg\"\n                 data-description=\"Min farfars syster Ingeborg Kiristine Pedersdatter Foto: Joachim Norland & S\u00f6n, Stavanger omkring 1900\"\n\t\t\t\t                 style=\"display:block\">\n        <\/a>\n\t        <a href=\"\" target=\"_blank\">\n            <img decoding=\"async\" alt=\"Dorothea Elisabeth Ewers\"\n                 data-type=\"image\"\n                 src=\"https:\/\/sandbox.kvalevaag.se\/wp-content\/uploads\/2019\/07\/Dorothea_Ewers.jpg\"\n                 data-image=\"https:\/\/sandbox.kvalevaag.se\/wp-content\/uploads\/2019\/07\/Dorothea_Ewers.jpg\"\n                 data-description=\"Min morfars mor Dorothea Elisabeth Ewers st\u00e5r l\u00e4ngst till v\u00e4nster. Hit flyttade hon n\u00e4r hon inte kunde klara sig sj\u00e4lv som \u00e4nka. Kommunen \u00e4gde hus s.k. \"\n\t\t\t\t                 style=\"display:block\">\n        <\/a>\n\t        <a href=\"\" target=\"_blank\">\n            <img decoding=\"async\" alt=\"Irvin F Burkhart\"\n                 data-type=\"image\"\n                 src=\"https:\/\/sandbox.kvalevaag.se\/wp-content\/uploads\/2019\/07\/o_1bja34oig134i8lntmf1il9hkpc.jpg\"\n                 data-image=\"https:\/\/sandbox.kvalevaag.se\/wp-content\/uploads\/2019\/07\/o_1bja34oig134i8lntmf1il9hkpc.jpg\"\n                 data-description=\"Irvin F Burkhart. Foto: Patrick Warford.\"\n\t\t\t\t                 style=\"display:block\">\n        <\/a>\n\t        <a href=\"\" target=\"_blank\">\n            <img decoding=\"async\" alt=\"Frida Lass\"\n                 data-type=\"image\"\n                 src=\"https:\/\/sandbox.kvalevaag.se\/wp-content\/uploads\/2019\/07\/Frida_Lass_3.jpg\"\n                 data-image=\"https:\/\/sandbox.kvalevaag.se\/wp-content\/uploads\/2019\/07\/Frida_Lass_3.jpg\"\n                 data-description=\"Min mormor Frida Lass. Bilden tagen vid en fotoatelj\u00e9 i Rendsburg. Frida har sin br\u00f6llopskl\u00e4nning p\u00e5 sig.\"\n\t\t\t\t                 style=\"display:block\">\n        <\/a>\n\t        <a href=\"\" target=\"_blank\">\n            <img decoding=\"async\" alt=\"Theodor Nicolaus Throndsen\"\n                 data-type=\"image\"\n                 src=\"https:\/\/sandbox.kvalevaag.se\/wp-content\/uploads\/2020\/01\/Theodor_Nicolaus_Throndsen_2.jpg\"\n                 data-image=\"https:\/\/sandbox.kvalevaag.se\/wp-content\/uploads\/2020\/01\/Theodor_Nicolaus_Throndsen_2.jpg\"\n                 data-description=\"Tr\u00e4snidaren Theodor Nicolaus Throndsen (1871\u20131944) arbetade hos sin mer k\u00e4nde bror Nils Andreas fr\u00e5n 1907 till omkring 1920, innan han flyttade till Flekkefjord. N\u00e4r han blev sjuk flyttades han till dottern Theodora Skj\u00f8restad i Hillev\u00e5g och dog kort efter, i februari 1942. Foto taget 1910 av Joachim Norland, Stavanger\"\n\t\t\t\t                 style=\"display:block\">\n        <\/a>\n\t        <a href=\"\" target=\"_blank\">\n            <img decoding=\"async\" alt=\"John Kvalevaag\"\n                 data-type=\"image\"\n                 src=\"https:\/\/sandbox.kvalevaag.se\/wp-content\/uploads\/2019\/07\/John_Kvalevaag_4.jpg\"\n                 data-image=\"https:\/\/sandbox.kvalevaag.se\/wp-content\/uploads\/2019\/07\/John_Kvalevaag_4.jpg\"\n                 data-description=\"Min far John till h\u00f6ger med en kompis.\"\n\t\t\t\t                 style=\"display:block\">\n        <\/a>\n\t        <a href=\"\" target=\"_blank\">\n            <img decoding=\"async\" alt=\"Emma Asseline Johnson\"\n                 data-type=\"image\"\n                 src=\"https:\/\/sandbox.kvalevaag.se\/wp-content\/uploads\/2021\/11\/Emma_Asseline_Johnson_1.jpg\"\n                 data-image=\"https:\/\/sandbox.kvalevaag.se\/wp-content\/uploads\/2021\/11\/Emma_Asseline_Johnson_1.jpg\"\n                 data-description=\"Emma Asseline Johnson f\u00f6dd 1875 i Newman Grove, Madison County, Nebraska. Bilden tagen omkring 1895. \u00c5r 1914 flyttar hon med sin familj till Kanada.\"\n\t\t\t\t                 style=\"display:block\">\n        <\/a>\n\t        <a href=\"\" target=\"_blank\">\n            <img decoding=\"async\" alt=\"Mathias Kvalevaag\"\n                 data-type=\"image\"\n                 src=\"https:\/\/sandbox.kvalevaag.se\/wp-content\/uploads\/2019\/07\/Mathias_Kvalevaag_2.jpg\"\n                 data-image=\"https:\/\/sandbox.kvalevaag.se\/wp-content\/uploads\/2019\/07\/Mathias_Kvalevaag_2.jpg\"\n                 data-description=\"Min farfars Mathias omgiven av sina s\u00f6ner. Brodern Bernt till v\u00e4nster och s\u00f8nerna Peder och Jacob liggande framf\u00f6r.\"\n\t\t\t\t                 style=\"display:block\">\n        <\/a>\n\t        <a href=\"\" target=\"_blank\">\n            <img decoding=\"async\" alt=\"Sarah Ellen Olson\"\n                 data-type=\"image\"\n                 src=\"https:\/\/sandbox.kvalevaag.se\/wp-content\/uploads\/2019\/07\/Sarah_Ellen_Olson_1.jpg\"\n                 data-image=\"https:\/\/sandbox.kvalevaag.se\/wp-content\/uploads\/2019\/07\/Sarah_Ellen_Olson_1.jpg\"\n                 data-description=\"Sarah Ellen Olson. Foto: Ron Running 14 dec 2008.\"\n\t\t\t\t                 style=\"display:block\">\n        <\/a>\n\t        <a href=\"\" target=\"_blank\">\n            <img decoding=\"async\" alt=\"Helge Larson familj\"\n                 data-type=\"image\"\n                 src=\"https:\/\/sandbox.kvalevaag.se\/wp-content\/uploads\/2019\/07\/Helge_Larson_2.jpg\"\n                 data-image=\"https:\/\/sandbox.kvalevaag.se\/wp-content\/uploads\/2019\/07\/Helge_Larson_2.jpg\"\n                 data-description=\"Hela familjen samlad f\u00f6r fotografering omkring 1913. I Bakre raden fr\u00e5n v\u00e4nster; John Sigvard, Hulda, Carl George, Laura, Oscar. Ortensa Louise och Jennie. I fr\u00e4mre raden fr\u00e5n v\u00e4nster har vi Tala Christine med sin man Helge, Bakom dem st\u00e5r Gunder och framf\u00f6r dem sitter Clara. Till h\u00f6ger om Helge sitter Helmer.\"\n\t\t\t\t                 style=\"display:block\">\n        <\/a>\n\t        <a href=\"\" target=\"_blank\">\n            <img decoding=\"async\" alt=\"Halvorine  Andersdatter\"\n                 data-type=\"image\"\n                 src=\"https:\/\/sandbox.kvalevaag.se\/wp-content\/uploads\/2021\/09\/Halvorine_Andersdatter_1.jpg\"\n                 data-image=\"https:\/\/sandbox.kvalevaag.se\/wp-content\/uploads\/2021\/09\/Halvorine_Andersdatter_1.jpg\"\n                 data-description=\"Fr\u00e5n v\u00e4nster sitter modern Halvorine med sonen Arthur. Intill st\u00e5r fadern Carl Nikolai med Arnold och Aurora. L\u00e4ngst bak st\u00e5r Hilmar. Foto Peder Olsen Aune, Trondhjem Torvet.\"\n\t\t\t\t                 style=\"display:block\">\n        <\/a>\n\t        <a href=\"\" target=\"_blank\">\n            <img decoding=\"async\" alt=\"Anders Martinsen Thorsbakken med familj\"\n                 data-type=\"image\"\n                 src=\"https:\/\/sandbox.kvalevaag.se\/wp-content\/uploads\/2020\/06\/Anders_Martinsen_Thorsbakken_2.jpg\"\n                 data-image=\"https:\/\/sandbox.kvalevaag.se\/wp-content\/uploads\/2020\/06\/Anders_Martinsen_Thorsbakken_2.jpg\"\n                 data-description=\"Anders Martinsen Thorsbakken f\u00f6dd 1876 i Vestre Toten, Oppland avliden I 1939 Story City, Story County, Iowa. Bakre raden fr\u00e5n v\u00e4nster: Anna Karoline, Marius, Elsie Margaret, Christian, Kjersti Marie. L\u00e4ngs fram sitter f\u00f6r\u00e4ldrarna Anders och Karen Maria.\"\n\t\t\t\t                 style=\"display:block\">\n        <\/a>\n\t        <a href=\"\" target=\"_blank\">\n            <img decoding=\"async\" alt=\"Peder Bertin\"\n                 data-type=\"image\"\n                 src=\"https:\/\/sandbox.kvalevaag.se\/wp-content\/uploads\/2019\/07\/Peder_Bertin_Norge_1992_4.jpg\"\n                 data-image=\"https:\/\/sandbox.kvalevaag.se\/wp-content\/uploads\/2019\/07\/Peder_Bertin_Norge_1992_4.jpg\"\n                 data-description=\"Peder och Martha, bilden tagen p\u00e5 f\u00e4rjan fr\u00e5n Stavanger till Karm\u00f8y, de var p\u00e5 v\u00e4g till Kvalav\u00e5g.\"\n\t\t\t\t                 style=\"display:block\">\n        <\/a>\n\t        <a href=\"\" target=\"_blank\">\n            <img decoding=\"async\" alt=\"Ingebret Jansen Dyrland\"\n                 data-type=\"image\"\n                 src=\"https:\/\/sandbox.kvalevaag.se\/wp-content\/uploads\/2021\/03\/Ingebret_Jansen_Dyrland_1.jpg\"\n                 data-image=\"https:\/\/sandbox.kvalevaag.se\/wp-content\/uploads\/2021\/03\/Ingebret_Jansen_Dyrland_1.jpg\"\n                 data-description=\"Bakre raden fr\u00e5n v\u00e4nster, Peter Edwin, Ole och John. Fr\u00e4mre raden fr\u00e5n v\u00e4nster, Christina, fadern Ingebret, Ragnhild, modern Gjertrud och Andrea. Familjen emigrerade till Iowa i USA.\"\n\t\t\t\t                 style=\"display:block\">\n        <\/a>\n\t        <a href=\"\" target=\"_blank\">\n            <img decoding=\"async\" alt=\"Anna Helena Sampson\"\n                 data-type=\"image\"\n                 src=\"https:\/\/sandbox.kvalevaag.se\/wp-content\/uploads\/2020\/06\/Anna_Helena_Sampson_1.jpg\"\n                 data-image=\"https:\/\/sandbox.kvalevaag.se\/wp-content\/uploads\/2020\/06\/Anna_Helena_Sampson_1.jpg\"\n                 data-description=\"Anna Helena Sampson f\u00f6dd 1885 i Clinton County, Iowa avled i Story City, Story County, Iowa. Gift med Rangval Lewis Haugland f\u00f6dd 1888, d\u00f6d 1960. Br\u00f6llopsfoto 1910.\"\n\t\t\t\t                 style=\"display:block\">\n        <\/a>\n\t        <a href=\"\" target=\"_blank\">\n            <img decoding=\"async\" alt=\"Lars Larson\"\n                 data-type=\"image\"\n                 src=\"https:\/\/sandbox.kvalevaag.se\/wp-content\/uploads\/2019\/07\/Lars_Larson_1.jpg\"\n                 data-image=\"https:\/\/sandbox.kvalevaag.se\/wp-content\/uploads\/2019\/07\/Lars_Larson_1.jpg\"\n                 data-description=\"Lars Larson och Cordelia Johnson br\u00f6llopsfoto 21 mars 1894 taget av fotografen Samuel W Tate, Pontiac Illinois, USA\"\n\t\t\t\t                 style=\"display:block\">\n        <\/a>\n\t        <a href=\"\" target=\"_blank\">\n            <img decoding=\"async\" alt=\"Carl Severin Christofferson \"\n                 data-type=\"image\"\n                 src=\"https:\/\/sandbox.kvalevaag.se\/wp-content\/uploads\/2019\/07\/Carl_Severin_Christofferson_1.jpg\"\n                 data-image=\"https:\/\/sandbox.kvalevaag.se\/wp-content\/uploads\/2019\/07\/Carl_Severin_Christofferson_1.jpg\"\n                 data-description=\"Br\u00f6llopsfoto f\u00f6r Carl Severin Christofferson 1881 - 1957 och min farfars farfars brorsdotters Elisabet Gurine Knutsdatter 1885 \u2013 1952. De Emigrerade b\u00e5da till Towner County, North Dakota, USA 1896 d\u00e4r de gifte sig 19 dec 1904.\"\n\t\t\t\t                 style=\"display:block\">\n        <\/a>\n\t        <a href=\"\" target=\"_blank\">\n            <img decoding=\"async\" alt=\"John Henry Walker\"\n                 data-type=\"image\"\n                 src=\"https:\/\/sandbox.kvalevaag.se\/wp-content\/uploads\/2019\/07\/John_Henry_Walker_4.jpg\"\n                 data-image=\"https:\/\/sandbox.kvalevaag.se\/wp-content\/uploads\/2019\/07\/John_Henry_Walker_4.jpg\"\n                 data-description=\"John Henry Walker sitter intill hans kusin och b\u00e4sta v\u00e4n Helge Larsen. Till h\u00f6ger st\u00e5r en av Helges systrar. Vem \u00e4r oklart. omkring 1895. John Henry sitter intill hans kusin och b\u00e4sta v\u00e4n Helge Larsen. Till h\u00f6ger st\u00e5r en av Helges systrar. Vem \u00e4r oklart. Bilden tagen omkring 1895.\"\n\t\t\t\t                 style=\"display:block\">\n        <\/a>\n\t        <a href=\"\" target=\"_blank\">\n            <img decoding=\"async\" alt=\"Allan, Alfred och Bergljot \"\n                 data-type=\"image\"\n                 src=\"https:\/\/sandbox.kvalevaag.se\/wp-content\/uploads\/2019\/07\/Allan_Kvalevaag_2.jpg\"\n                 data-image=\"https:\/\/sandbox.kvalevaag.se\/wp-content\/uploads\/2019\/07\/Allan_Kvalevaag_2.jpg\"\n                 data-description=\"Min faster Bergljot och hennes man Alfred utanf\u00f6r Almansgatan18. Sj\u00e4lv sitter jag precis bakom Bergljot. Bilden tagen 1955.\"\n\t\t\t\t                 style=\"display:block\">\n        <\/a>\n\t        <a href=\"\" target=\"_blank\">\n            <img decoding=\"async\" alt=\"Sarah Ellen Jacobsdatter familj\"\n                 data-type=\"image\"\n                 src=\"https:\/\/sandbox.kvalevaag.se\/wp-content\/uploads\/2019\/07\/Hanna_Maria_Olson_1.jpg\"\n                 data-image=\"https:\/\/sandbox.kvalevaag.se\/wp-content\/uploads\/2019\/07\/Hanna_Maria_Olson_1.jpg\"\n                 data-description=\"Bakre raden fr\u00e5n v\u00e4nster: Modern Sarah Ellen Jacobsdatter, Hanna Maria \"\n\t\t\t\t                 style=\"display:block\">\n        <\/a>\n\t        <a href=\"\" target=\"_blank\">\n            <img decoding=\"async\" alt=\"Edith Selma Bonstead\"\n                 data-type=\"image\"\n                 src=\"https:\/\/sandbox.kvalevaag.se\/wp-content\/uploads\/2021\/11\/Edith_Selma_Bonstead_1.jpg\"\n                 data-image=\"https:\/\/sandbox.kvalevaag.se\/wp-content\/uploads\/2021\/11\/Edith_Selma_Bonstead_1.jpg\"\n                 data-description=\"Systrarna Henrietta, Hannah Jensine och Edith Selma Bonstead. Bilden tagen omkring 1905..\"\n\t\t\t\t                 style=\"display:block\">\n        <\/a>\n\t        <a href=\"\" target=\"_blank\">\n            <img decoding=\"async\" alt=\"Erika Lass\"\n                 data-type=\"image\"\n                 src=\"https:\/\/sandbox.kvalevaag.se\/wp-content\/uploads\/2019\/07\/Erika_Kvalevaag_5.jpg\"\n                 data-image=\"https:\/\/sandbox.kvalevaag.se\/wp-content\/uploads\/2019\/07\/Erika_Kvalevaag_5.jpg\"\n                 data-description=\"Min mor Erika utanf\u00f6r deras hus p\u00e5 Karpfenteich 31 i Schleswig, omkring 1935.\"\n\t\t\t\t                 style=\"display:block\">\n        <\/a>\n\t        <a href=\"\" target=\"_blank\">\n            <img decoding=\"async\" alt=\"Heinrich Lass\"\n                 data-type=\"image\"\n                 src=\"https:\/\/sandbox.kvalevaag.se\/wp-content\/uploads\/2019\/07\/Heinrich_Lass3.jpg\"\n                 data-image=\"https:\/\/sandbox.kvalevaag.se\/wp-content\/uploads\/2019\/07\/Heinrich_Lass3.jpg\"\n                 data-description=\"Min morbror Heinrich if\u00f6rd sin uniform n\u00e4r han blev inkallad till AS (Arbeitsdienst, eller p\u00e5 svenska arbetstj\u00e4nst). Bilden tagen i Husum vid Nordsj\u00f6kusten runt 1938\u201339\"\n\t\t\t\t                 style=\"display:block\">\n        <\/a>\n\t        <a href=\"\" target=\"_blank\">\n            <img decoding=\"async\" alt=\"Karl Lass\"\n                 data-type=\"image\"\n                 src=\"https:\/\/sandbox.kvalevaag.se\/wp-content\/uploads\/2019\/07\/Karl_Lass5.jpg\"\n                 data-image=\"https:\/\/sandbox.kvalevaag.se\/wp-content\/uploads\/2019\/07\/Karl_Lass5.jpg\"\n                 data-description=\"Min morbror Kalle l\u00e4ngst till h\u00f6ger tillsammans med hans kamrater i marinen. Bilden tagen vid hamnstaden Boulogne-sur-Mer som matros vid deras ub\u00e5tsbas. D\u00e4r utbildades han till telegrafist och placerades p\u00e5 land.\"\n\t\t\t\t                 style=\"display:block\">\n        <\/a>\n\t        <a href=\"\" target=\"_blank\">\n            <img decoding=\"async\" alt=\"Bernt Johannes Pedersen\"\n                 data-type=\"image\"\n                 src=\"https:\/\/sandbox.kvalevaag.se\/wp-content\/uploads\/2019\/07\/Bernt_Johannes_Pedersen_2.jpg\"\n                 data-image=\"https:\/\/sandbox.kvalevaag.se\/wp-content\/uploads\/2019\/07\/Bernt_Johannes_Pedersen_2.jpg\"\n                 data-description=\"Br\u00f6llopsfoto 8\/11 1908 f\u00f6r Bernt Johannes Pedersen och Bertha Serine Svendsdatter.  \"\n\t\t\t\t                 style=\"display:block\">\n        <\/a>\n\t        <a href=\"\" target=\"_blank\">\n            <img decoding=\"async\" alt=\"Clara Christina Lande\"\n                 data-type=\"image\"\n                 src=\"https:\/\/sandbox.kvalevaag.se\/wp-content\/uploads\/2021\/03\/Clara_Christina_Lande_1.jpg\"\n                 data-image=\"https:\/\/sandbox.kvalevaag.se\/wp-content\/uploads\/2021\/03\/Clara_Christina_Lande_1.jpg\"\n                 data-description=\"Carles Buckley och Clara Chrisitna Lande med Clara i famnen, Helen Christina och Thomas James. Bilden tagen p\u00e5 Coney Island 1913.\"\n\t\t\t\t                 style=\"display:block\">\n        <\/a>\n\t        <a href=\"\" target=\"_blank\">\n            <img decoding=\"async\" alt=\"Johanne Marie Eilertsdatter Dyrland \"\n                 data-type=\"image\"\n                 src=\"https:\/\/sandbox.kvalevaag.se\/wp-content\/uploads\/2020\/06\/Johanne_Marie_Eilertsdatter_Dyrland_1.jpg\"\n                 data-image=\"https:\/\/sandbox.kvalevaag.se\/wp-content\/uploads\/2020\/06\/Johanne_Marie_Eilertsdatter_Dyrland_1.jpg\"\n                 data-description=\"Johanne Marie Eilertsdatter Dyrland f\u00f6dd 1884 p\u00e5 Dyrland Skudenes. Avled 1956 i Mayville, Traill County, North Dakota. Gift med Nels Brainerd f\u00f6dd 1874 i Darlington, Lafayette County, Wisconsin, dog 1961 i Mayville, Traill County, North Dakota. Br\u00f6llopsfoto 1904, Dahl & Groth, Mayville, Traill County, North Dakota\"\n\t\t\t\t                 style=\"display:block\">\n        <\/a>\n\t        <a href=\"\" target=\"_blank\">\n            <img decoding=\"async\" alt=\"Mathias Kvalevaag\"\n                 data-type=\"image\"\n                 src=\"https:\/\/sandbox.kvalevaag.se\/wp-content\/uploads\/2019\/07\/Mathias_Kvalevaag_3.jpg\"\n                 data-image=\"https:\/\/sandbox.kvalevaag.se\/wp-content\/uploads\/2019\/07\/Mathias_Kvalevaag_3.jpg\"\n                 data-description=\"Min farfar Mathias Kvalevaag\"\n\t\t\t\t                 style=\"display:block\">\n        <\/a>\n\t        <a href=\"\" target=\"_blank\">\n            <img decoding=\"async\" alt=\"Bernt Johannes Pedersen\"\n                 data-type=\"image\"\n                 src=\"https:\/\/sandbox.kvalevaag.se\/wp-content\/uploads\/2019\/07\/Bernt_Johannes_Pedersen_1.jpg\"\n                 data-image=\"https:\/\/sandbox.kvalevaag.se\/wp-content\/uploads\/2019\/07\/Bernt_Johannes_Pedersen_1.jpg\"\n                 data-description=\"Bernt Johannes Pedersen, bilden tagen 1924\"\n\t\t\t\t                 style=\"display:block\">\n        <\/a>\n\t        <a href=\"\" target=\"_blank\">\n            <img decoding=\"async\" alt=\"Britha Monsdatter\"\n                 data-type=\"image\"\n                 src=\"https:\/\/sandbox.kvalevaag.se\/wp-content\/uploads\/2021\/11\/Britha_Monsdatter_4.jpg\"\n                 data-image=\"https:\/\/sandbox.kvalevaag.se\/wp-content\/uploads\/2021\/11\/Britha_Monsdatter_4.jpg\"\n                 data-description=\"Britha Monsdatter och Lars Halvorsen b\u00e5da f\u00f6dda 1845 i Norge. De emigrerade till Newman Grove, Madison County, Nebraska d\u00e4r bilden \u00e4r tagen vid deras bostad.\"\n\t\t\t\t                 style=\"display:block\">\n        <\/a>\n\t        <a href=\"\" target=\"_blank\">\n            <img decoding=\"async\" alt=\"Martha Lisbeth Johannesdatter Johnson\"\n                 data-type=\"image\"\n                 src=\"https:\/\/sandbox.kvalevaag.se\/wp-content\/uploads\/2021\/11\/Martha_Lisbeth_Johannesdatter_Johnson_1.jpg\"\n                 data-image=\"https:\/\/sandbox.kvalevaag.se\/wp-content\/uploads\/2021\/11\/Martha_Lisbeth_Johannesdatter_Johnson_1.jpg\"\n                 data-description=\"Bilden tagen vid Martha Lisbeth Johannesdatter Johnson och Ole Olsen Huseby br\u00f6llop 5 jan 1893 i Newman Grove, Madison County, Nebraska dit de emigrerade fr\u00e5n Norge.\"\n\t\t\t\t                 style=\"display:block\">\n        <\/a>\n\t        <a href=\"\" target=\"_blank\">\n            <img decoding=\"async\" alt=\"Gladys Kolste\"\n                 data-type=\"image\"\n                 src=\"https:\/\/sandbox.kvalevaag.se\/wp-content\/uploads\/2019\/07\/Gladys_Kolsto.jpg\"\n                 data-image=\"https:\/\/sandbox.kvalevaag.se\/wp-content\/uploads\/2019\/07\/Gladys_Kolsto.jpg\"\n                 data-description=\"Min kusin Gladys Kolste fr\u00e5n USA.\"\n\t\t\t\t                 style=\"display:block\">\n        <\/a>\n\t        <a href=\"\" target=\"_blank\">\n            <img decoding=\"async\" alt=\"Peder Berselius Pedersen Kvalevaag\"\n                 data-type=\"image\"\n                 src=\"https:\/\/sandbox.kvalevaag.se\/wp-content\/uploads\/2019\/08\/Peder_Berselius_Pedersen_Kvalevaag_1.jpg\"\n                 data-image=\"https:\/\/sandbox.kvalevaag.se\/wp-content\/uploads\/2019\/08\/Peder_Berselius_Pedersen_Kvalevaag_1.jpg\"\n                 data-description=\"Min farfars bror Peder Berselius Pedersen Kvalevaag som f\u00f6rs\u00f6rjde sig som fiskare, sj\u00f6man och gruvarbetare vid koppargruvan i Visnes. Foto: Ole Olvik, Haugesund, omkring 1900\"\n\t\t\t\t                 style=\"display:block\">\n        <\/a>\n\t        <a href=\"\" target=\"_blank\">\n            <img decoding=\"async\" alt=\"Aanen Mannes\"\n                 data-type=\"image\"\n                 src=\"https:\/\/sandbox.kvalevaag.se\/wp-content\/uploads\/2022\/08\/Aanen_Aanensen_Mannes_2.jpg\"\n                 data-image=\"https:\/\/sandbox.kvalevaag.se\/wp-content\/uploads\/2022\/08\/Aanen_Aanensen_Mannes_2.jpg\"\n                 data-description=\"Tre generationer. Fr\u00e5n v\u00e4nster: Aanen Mannes och hustrun Anne Karine, deras sv\u00e4rdotter Bertha Edith McDaniel med hennes barn Arnie Earl Jr och Fred Arthur. Bilden tagen omkring 1921 i Cass County, North Dakota\"\n\t\t\t\t                 style=\"display:block\">\n        <\/a>\n\t        <a href=\"\" target=\"_blank\">\n            <img decoding=\"async\" alt=\"Jakobine J\u00f8rgine Oddenes\"\n                 data-type=\"image\"\n                 src=\"https:\/\/sandbox.kvalevaag.se\/wp-content\/uploads\/2019\/07\/Jorgine_Kvalevaag_2.jpg\"\n                 data-image=\"https:\/\/sandbox.kvalevaag.se\/wp-content\/uploads\/2019\/07\/Jorgine_Kvalevaag_2.jpg\"\n                 data-description=\"Min farmor J\u00f8rgine Oddenes med dottern Ester\"\n\t\t\t\t                 style=\"display:block\">\n        <\/a>\n\t        <a href=\"\" target=\"_blank\">\n            <img decoding=\"async\" alt=\"Ole Mathias Olsen Walker\"\n                 data-type=\"image\"\n                 src=\"https:\/\/sandbox.kvalevaag.se\/wp-content\/uploads\/2019\/07\/Ole_Mathias_Martin_Olsen_Walker_1.jpg\"\n                 data-image=\"https:\/\/sandbox.kvalevaag.se\/wp-content\/uploads\/2019\/07\/Ole_Mathias_Martin_Olsen_Walker_1.jpg\"\n                 data-description=\"Ole Mathias Olsen Walker, bilden tagen omkring 1890 i Iowa, USA\"\n\t\t\t\t                 style=\"display:block\">\n        <\/a>\n\t        <a href=\"\" target=\"_blank\">\n            <img decoding=\"async\" alt=\"Laurense Marie Johannesdatter Risdall\"\n                 data-type=\"image\"\n                 src=\"https:\/\/sandbox.kvalevaag.se\/wp-content\/uploads\/2019\/07\/Laurense_Marie_Johannesdatter_Risdall_1.jpg\"\n                 data-image=\"https:\/\/sandbox.kvalevaag.se\/wp-content\/uploads\/2019\/07\/Laurense_Marie_Johannesdatter_Risdall_1.jpg\"\n                 data-description=\"Laurense Marie Johannesdatter Risdall\"\n\t\t\t\t                 style=\"display:block\">\n        <\/a>\n\t        <a href=\"\" target=\"_blank\">\n            <img decoding=\"async\" alt=\"Taleus Lauvsnes, Jacob Spanne\"\n                 data-type=\"image\"\n                 src=\"https:\/\/sandbox.kvalevaag.se\/wp-content\/uploads\/2020\/01\/Taleus_Halvorsen_Lauvsnes_1.jpg\"\n                 data-image=\"https:\/\/sandbox.kvalevaag.se\/wp-content\/uploads\/2020\/01\/Taleus_Halvorsen_Lauvsnes_1.jpg\"\n                 data-description=\"Bilden \u00e4r tagen p\u00e5 1890-talet i Madlaleiren, milit\u00e4rl\u00e4ger och tr\u00e4ningsanl\u00e4ggningar p\u00e5 norra sidan av Hafrsfjord i Stavanger kommun.  Kl\u00e4dseln \u00e4r blandad vilket var vanligt vid denna tid. Hj\u00e4lmarna \u00e4r antingen modell 1888 eller 1891. Uniformsjackan \u00e4r troligen modell 1894.  Foto Tarald Halvardson Lauvsnes, Ryfylkemuseet\"\n\t\t\t\t                 style=\"display:block\">\n        <\/a>\n\t        <a href=\"\" target=\"_blank\">\n            <img decoding=\"async\" alt=\"George Johansen\"\n                 data-type=\"image\"\n                 src=\"https:\/\/sandbox.kvalevaag.se\/wp-content\/uploads\/2019\/07\/George_Johansen.jpg\"\n                 data-image=\"https:\/\/sandbox.kvalevaag.se\/wp-content\/uploads\/2019\/07\/George_Johansen.jpg\"\n                 data-description=\"George Johansen min mormors halvbror. Bilden \u00e4r tagen p\u00e5 hans mors f\u00f6rsta make Karl Emil Steffen Sh\u00fcmann begravning i januari 1926.\"\n\t\t\t\t                 style=\"display:block\">\n        <\/a>\n\t        <a href=\"\" target=\"_blank\">\n            <img decoding=\"async\" alt=\"Anna Mary Olson\"\n                 data-type=\"image\"\n                 src=\"https:\/\/sandbox.kvalevaag.se\/wp-content\/uploads\/2021\/09\/Anna_Mary_Olson_2.jpg\"\n                 data-image=\"https:\/\/sandbox.kvalevaag.se\/wp-content\/uploads\/2021\/09\/Anna_Mary_Olson_2.jpg\"\n                 data-description=\"Bak st\u00e5r Anna Mary mamma Anna Moen Hansen. Fr\u00e5n v\u00e4nster st\u00e5r Oscar Elmer intill fadern, sonen Thomas, Alick l\u00e4ngst till h\u00f6ger och Anna Mary sitter p\u00e5 faderns kn\u00e4.\"\n\t\t\t\t                 style=\"display:block\">\n        <\/a>\n\t        <a href=\"\" target=\"_blank\">\n            <img decoding=\"async\" alt=\"Magdeline Joan Cecilia Sheldahl \"\n                 data-type=\"image\"\n                 src=\"https:\/\/sandbox.kvalevaag.se\/wp-content\/uploads\/2019\/07\/Magdeline_Joan_Cecilia_Sheldahl_1.jpg\"\n                 data-image=\"https:\/\/sandbox.kvalevaag.se\/wp-content\/uploads\/2019\/07\/Magdeline_Joan_Cecilia_Sheldahl_1.jpg\"\n                 data-description=\"Magdeline Joan Cecilia Sheldahl (1910-1997). Bilden tagen omkring 1925 i Huxley, Story County, Iowa, USA.\"\n\t\t\t\t                 style=\"display:block\">\n        <\/a>\n\t        <a href=\"\" target=\"_blank\">\n            <img decoding=\"async\" alt=\"Peder Johan Olsen Kvalevaag\"\n                 data-type=\"image\"\n                 src=\"https:\/\/sandbox.kvalevaag.se\/wp-content\/uploads\/2019\/07\/Laura_Amalie_Pedersdatter_3.jpg\"\n                 data-image=\"https:\/\/sandbox.kvalevaag.se\/wp-content\/uploads\/2019\/07\/Laura_Amalie_Pedersdatter_3.jpg\"\n                 data-description=\"Min farfars far och mor Peder Johan Olsen Kvalevaag 1847 \u2013 1936 och Berta Serine Aadnesdatter 1848 \u2013 1927 tillsammans med dottern Laura Amalie 1892 \u2013 1942. Bilden tagen omkring 1904.\"\n\t\t\t\t                 style=\"display:block\">\n        <\/a>\n\t        <a href=\"\" target=\"_blank\">\n            <img decoding=\"async\" alt=\"Frida Lass \"\n                 data-type=\"image\"\n                 src=\"https:\/\/sandbox.kvalevaag.se\/wp-content\/uploads\/2019\/07\/Frida_Lass_2.jpg\"\n                 data-image=\"https:\/\/sandbox.kvalevaag.se\/wp-content\/uploads\/2019\/07\/Frida_Lass_2.jpg\"\n                 data-description=\"Min mormor Frida Lass. Bilden \u00e4r tagen p\u00e5 atelj\u00e9 i Schelswig p\u00e5 Fridas 20-\u00e5rs dag.\"\n\t\t\t\t                 style=\"display:block\">\n        <\/a>\n\t        <a href=\"\" target=\"_blank\">\n            <img decoding=\"async\" alt=\"John Johnsen Hauge\"\n                 data-type=\"image\"\n                 src=\"https:\/\/sandbox.kvalevaag.se\/wp-content\/uploads\/2022\/03\/John_Johnsen_Hauge_1.jpg\"\n                 data-image=\"https:\/\/sandbox.kvalevaag.se\/wp-content\/uploads\/2022\/03\/John_Johnsen_Hauge_1.jpg\"\n                 data-description=\"Skeppsbyggare i Haugesund mellan 1871-1918\"\n\t\t\t\t                 style=\"display:block\">\n        <\/a>\n\t        <a href=\"\" target=\"_blank\">\n            <img decoding=\"async\" alt=\"David Helmick Gunderson\"\n                 data-type=\"image\"\n                 src=\"https:\/\/sandbox.kvalevaag.se\/wp-content\/uploads\/2022\/08\/David_Helmick_Gunderson_7.jpg\"\n                 data-image=\"https:\/\/sandbox.kvalevaag.se\/wp-content\/uploads\/2022\/08\/David_Helmick_Gunderson_7.jpg\"\n                 data-description=\"Dave Helmick Gundersen i framkant med vit skjorta. \u00d6vriga \u00e4r ok\u00e4nda. Bilden tagen 1908 vid Lake Poinsette, South Dakota.\"\n\t\t\t\t                 style=\"display:block\">\n        <\/a>\n\t        <a href=\"\" target=\"_blank\">\n            <img decoding=\"async\" alt=\"Jenny Othilie Johannessen\"\n                 data-type=\"image\"\n                 src=\"https:\/\/sandbox.kvalevaag.se\/wp-content\/uploads\/2019\/07\/Jenny_Othilde_Johannessen_1.jpg\"\n                 data-image=\"https:\/\/sandbox.kvalevaag.se\/wp-content\/uploads\/2019\/07\/Jenny_Othilde_Johannessen_1.jpg\"\n                 data-description=\"Min farfars systerdotter Jenny Othilie Johannessen 19 \u00e5r gammal. Bilden \u00e4r tagen 1922, Jenny blev 102 \u00e5r gammal.\"\n\t\t\t\t                 style=\"display:block\">\n        <\/a>\n\t        <a href=\"\" target=\"_blank\">\n            <img decoding=\"async\" alt=\"Marcus Albert Waldemar Boge\"\n                 data-type=\"image\"\n                 src=\"https:\/\/sandbox.kvalevaag.se\/wp-content\/uploads\/2021\/03\/Marcus_Albert_Waldemar_Boge_2.jpg\"\n                 data-image=\"https:\/\/sandbox.kvalevaag.se\/wp-content\/uploads\/2021\/03\/Marcus_Albert_Waldemar_Boge_2.jpg\"\n                 data-description=\"Marcus Albert Waldemar Boge och hustrun Wilhelmine Catherine med barnen Phyllis Anthilde och Florence Catharine. Bilden \u00e4r tagen 1912.\"\n\t\t\t\t                 style=\"display:block\">\n        <\/a>\n\t        <a href=\"\" target=\"_blank\">\n            <img decoding=\"async\" alt=\"Bertel Mathias Baardsen Flatnes\"\n                 data-type=\"image\"\n                 src=\"https:\/\/sandbox.kvalevaag.se\/wp-content\/uploads\/2021\/03\/Bertel_Mathias_Baardsen_Flatnes_2.jpg\"\n                 data-image=\"https:\/\/sandbox.kvalevaag.se\/wp-content\/uploads\/2021\/03\/Bertel_Mathias_Baardsen_Flatnes_2.jpg\"\n                 data-description=\"Bertel Mathias Baardsen Flatness tillsammans med f\u00f6rmodade systrar. Bilden omkring 1898.\"\n\t\t\t\t                 style=\"display:block\">\n        <\/a>\n\t        <a href=\"\" target=\"_blank\">\n            <img decoding=\"async\" alt=\"Ester Kvalevaag\"\n                 data-type=\"image\"\n                 src=\"https:\/\/sandbox.kvalevaag.se\/wp-content\/uploads\/2019\/07\/Ester_Kvalevaag_2.jpg\"\n                 data-image=\"https:\/\/sandbox.kvalevaag.se\/wp-content\/uploads\/2019\/07\/Ester_Kvalevaag_2.jpg\"\n                 data-description=\"Min faster Ester. Bilden tagen vid deras bostad i Hofors n\u00e5gon g\u00e5ng p\u00e5 50-talet\"\n\t\t\t\t                 style=\"display:block\">\n        <\/a>\n\t        <a href=\"\" target=\"_blank\">\n            <img decoding=\"async\" alt=\"Martha Helmine Aadnesdatter Svinelid\"\n                 data-type=\"image\"\n                 src=\"https:\/\/sandbox.kvalevaag.se\/wp-content\/uploads\/2020\/06\/Martha_Helmine_Aadnesdatter_Svinelid_2.jpg\"\n                 data-image=\"https:\/\/sandbox.kvalevaag.se\/wp-content\/uploads\/2020\/06\/Martha_Helmine_Aadnesdatter_Svinelid_2.jpg\"\n                 data-description=\"Martha Helmine Aadnesdatter Svinelid, f\u00f6dd 1897 p\u00e5 Svinalid, Skjold.  Avled 1923 Fargo, Cass County, North Dakota, USA. omkring 1920. Foto John Kj\u00f8lvik, Stavanger\"\n\t\t\t\t                 style=\"display:block\">\n        <\/a>\n\t        <a href=\"\" target=\"_blank\">\n            <img decoding=\"async\" alt=\"Karl Hilmar  Nielsen\"\n                 data-type=\"image\"\n                 src=\"https:\/\/sandbox.kvalevaag.se\/wp-content\/uploads\/2021\/09\/Karl_Hilmar_Nielsen_2.jpg\"\n                 data-image=\"https:\/\/sandbox.kvalevaag.se\/wp-content\/uploads\/2021\/09\/Karl_Hilmar_Nielsen_2.jpg\"\n                 data-description=\"Karl Hilmar i tysk marinuniform. Foto Atelier Heydecker, Hamburg.\"\n\t\t\t\t                 style=\"display:block\">\n        <\/a>\n\t        <a href=\"\" target=\"_blank\">\n            <img decoding=\"async\" alt=\"Gerald Clarence Thorson\"\n                 data-type=\"image\"\n                 src=\"https:\/\/sandbox.kvalevaag.se\/wp-content\/uploads\/2021\/11\/Gerald_Clarence_Thorson_1.jpg\"\n                 data-image=\"https:\/\/sandbox.kvalevaag.se\/wp-content\/uploads\/2021\/11\/Gerald_Clarence_Thorson_1.jpg\"\n                 data-description=\"Gerald Clarence k\u00f6r en T Ford, Theodore Jeremias och Mabel Ihlene sitter i baks\u00e4tet. Bilden tagen omkring 1912.\"\n\t\t\t\t                 style=\"display:block\">\n        <\/a>\n\t        <a href=\"\" target=\"_blank\">\n            <img decoding=\"async\" alt=\"Hans Wiestad\"\n                 data-type=\"image\"\n                 src=\"https:\/\/sandbox.kvalevaag.se\/wp-content\/uploads\/2019\/07\/Hans_Wiestad.jpg\"\n                 data-image=\"https:\/\/sandbox.kvalevaag.se\/wp-content\/uploads\/2019\/07\/Hans_Wiestad.jpg\"\n                 data-description=\"Hans Wiestad (min farmors systers man) i mitten. Fotot har anv\u00e4nts som vykort med en h\u00e4lsning till Peder Kvalevaag (min farbror). Texten lyder p\u00e5 norsk: \u201dTusen hilsen fra din tante Ingeborg samt onkel Hans som netop er kommet fra Isaland\u201d\"\n\t\t\t\t                 style=\"display:block\">\n        <\/a>\n\t        <a href=\"\" target=\"_blank\">\n            <img decoding=\"async\" alt=\"John Johnsen Hauge \"\n                 data-type=\"image\"\n                 src=\"https:\/\/sandbox.kvalevaag.se\/wp-content\/uploads\/2022\/03\/John_Johnsen_Hauge_600px.jpg\"\n                 data-image=\"https:\/\/sandbox.kvalevaag.se\/wp-content\/uploads\/2022\/03\/John_Johnsen_Hauge_600px.jpg\"\n                 data-description=\"Skeppsbyggare John Hauge och hustru Ingeborg Tomine Torgersen med barn. Fr\u00e5n v\u00e4nster: Advokat Gabriel Arnoldus Krogh Faye och hustru Amalie Hauge, tandl\u00e4kare Bjarne Housken och hustru Mina Hauge. Nikolai Severin Hauge och hustru Ingrid Halvorsen, samt ingenj\u00f6r John Alexander Hauge och hustru Lina. Bilden tagen 17 maj 1903.\"\n\t\t\t\t                 style=\"display:block\">\n        <\/a>\n\t        <a href=\"\" target=\"_blank\">\n            <img decoding=\"async\" alt=\"Clara Magda Nelson\"\n                 data-type=\"image\"\n                 src=\"https:\/\/sandbox.kvalevaag.se\/wp-content\/uploads\/2020\/06\/Clara_Magda_Nelson_2.jpg\"\n                 data-image=\"https:\/\/sandbox.kvalevaag.se\/wp-content\/uploads\/2020\/06\/Clara_Magda_Nelson_2.jpg\"\n                 data-description=\"Clara Magda Nelson f\u00f6dd 1905 i Portal, Burke County, North Dakota. Avled 1945 i Eston, Saskatchewan, Canada. Gift med Vernie Leonard Dyrland f\u00f6dd 1905 i North Dakota, dog 1930 i Saskatchewan, Canada. Br\u00f6llopsfoto 1922.\"\n\t\t\t\t                 style=\"display:block\">\n        <\/a>\n\t        <a href=\"\" target=\"_blank\">\n            <img decoding=\"async\" alt=\"Johannes Johnsen Bragstad\"\n                 data-type=\"image\"\n                 src=\"https:\/\/sandbox.kvalevaag.se\/wp-content\/uploads\/2021\/03\/Johannes_Johnsen_Bragstad_3.jpg\"\n                 data-image=\"https:\/\/sandbox.kvalevaag.se\/wp-content\/uploads\/2021\/03\/Johannes_Johnsen_Bragstad_3.jpg\"\n                 data-description=\"Br\u00f6llopsfoto 1870 av Johannes Johnsen Bragstad och Brithe Jakobsdatter Mortvedt.\"\n\t\t\t\t                 style=\"display:block\">\n        <\/a>\n\t        <a href=\"\" target=\"_blank\">\n            <img decoding=\"async\" alt=\"Joseph Alvin Johnson\"\n                 data-type=\"image\"\n                 src=\"https:\/\/sandbox.kvalevaag.se\/wp-content\/uploads\/2021\/11\/Joseph_Alvin_Johnson_2.jpg\"\n                 data-image=\"https:\/\/sandbox.kvalevaag.se\/wp-content\/uploads\/2021\/11\/Joseph_Alvin_Johnson_2.jpg\"\n                 data-description=\"Joseph Alvin och Helen Clara Johnson sitter p\u00e5 verandan n\u00e5gonstans vid Newman Grove, Madison County, Nebraska. Bilden tagen omkring 1915. De gifter sig 1917. \"\n\t\t\t\t                 style=\"display:block\">\n        <\/a>\n\t        <a href=\"\" target=\"_blank\">\n            <img decoding=\"async\" alt=\"Emma Sophia Berggren\"\n                 data-type=\"image\"\n                 src=\"https:\/\/sandbox.kvalevaag.se\/wp-content\/uploads\/2020\/06\/Emma_Sophia_Berggren_4.jpg\"\n                 data-image=\"https:\/\/sandbox.kvalevaag.se\/wp-content\/uploads\/2020\/06\/Emma_Sophia_Berggren_4.jpg\"\n                 data-description=\"Emma Sophia Berggren f\u00f6dd 1892 i Stratford, Hamilton County, Iowa. Avled 1953 i Webster City, Hamilton County, Iowa. Bilden tagen omkring 1910.\"\n\t\t\t\t                 style=\"display:block\">\n        <\/a>\n\t        <a href=\"\" target=\"_blank\">\n            <img decoding=\"async\" alt=\"Knut Knutsen O.A.S.\"\n                 data-type=\"image\"\n                 src=\"https:\/\/sandbox.kvalevaag.se\/wp-content\/uploads\/2022\/08\/Ole_Andreas_Foien_Knutsen_2.jpg\"\n                 data-image=\"https:\/\/sandbox.kvalevaag.se\/wp-content\/uploads\/2022\/08\/Ole_Andreas_Foien_Knutsen_2.jpg\"\n                 data-description=\"Redaren Knut Knutsen O.A.S. (Ole Andreas Son) och hans hustru Elisabeth Tobine med sina barn Ida karoline, Ole Andreas och Gerhard. Fotograf - Ole Olvik, Haugesund 1905.\"\n\t\t\t\t                 style=\"display:block\">\n        <\/a>\n\t        <a href=\"\" target=\"_blank\">\n            <img decoding=\"async\" alt=\"Anna Marie Henriette Johannsen\"\n                 data-type=\"image\"\n                 src=\"https:\/\/sandbox.kvalevaag.se\/wp-content\/uploads\/2019\/07\/Anna-Marie_Johannsen.jpg\"\n                 data-image=\"https:\/\/sandbox.kvalevaag.se\/wp-content\/uploads\/2019\/07\/Anna-Marie_Johannsen.jpg\"\n                 data-description=\"Min mormors mor Anna Marie Henriette Johannsen\"\n\t\t\t\t                 style=\"display:block\">\n        <\/a>\n\t        <a href=\"\" target=\"_blank\">\n            <img decoding=\"async\" alt=\"Sivert Andreas Larsen Jacobson\"\n                 data-type=\"image\"\n                 src=\"https:\/\/sandbox.kvalevaag.se\/wp-content\/uploads\/2019\/07\/Sivert_Andreas_Larssen_Jacobsen_4.jpg\"\n                 data-image=\"https:\/\/sandbox.kvalevaag.se\/wp-content\/uploads\/2019\/07\/Sivert_Andreas_Larssen_Jacobsen_4.jpg\"\n                 data-description=\"Sivert Andreas med dottern Sophie Gunhild i kn\u00e4t. Intill st\u00e5r Janna Marie, bakom henne Leonard Gullov och till h\u00f6ger sitter Gurine Alette. Bilden tagen 1911.\"\n\t\t\t\t                 style=\"display:block\">\n        <\/a>\n\t        <a href=\"\" target=\"_blank\">\n            <img decoding=\"async\" alt=\"Ingrid Lass\"\n                 data-type=\"image\"\n                 src=\"https:\/\/sandbox.kvalevaag.se\/wp-content\/uploads\/2019\/07\/Ingrid_Lass.jpg.jpg\"\n                 data-image=\"https:\/\/sandbox.kvalevaag.se\/wp-content\/uploads\/2019\/07\/Ingrid_Lass.jpg.jpg\"\n                 data-description=\"Min kusin Ingrid Lass. Bilden tagen n\u00e4r Ingrid b\u00f6rjar i skolan omkring p\u00e5sk 1950.\"\n\t\t\t\t                 style=\"display:block\">\n        <\/a>\n\t        <a href=\"\" target=\"_blank\">\n            <img decoding=\"async\" alt=\"John Henry Walker\"\n                 data-type=\"image\"\n                 src=\"https:\/\/sandbox.kvalevaag.se\/wp-content\/uploads\/2019\/07\/John_Henry_Walker_3.jpg\"\n                 data-image=\"https:\/\/sandbox.kvalevaag.se\/wp-content\/uploads\/2019\/07\/John_Henry_Walker_3.jpg\"\n                 data-description=\"Min farfars farbrors son Jan Henrik Olsen, senare kallade han sig f\u00f6r John Henry Walker. Fotot taget i Radcliffe, Iowa 1892\"\n\t\t\t\t                 style=\"display:block\">\n        <\/a>\n\t        <a href=\"\" target=\"_blank\">\n            <img decoding=\"async\" alt=\"Jakobine J\u00f8rgine Oddenes\"\n                 data-type=\"image\"\n                 src=\"https:\/\/sandbox.kvalevaag.se\/wp-content\/uploads\/2019\/07\/Jorgine_Kvalevaag_1.jpg\"\n                 data-image=\"https:\/\/sandbox.kvalevaag.se\/wp-content\/uploads\/2019\/07\/Jorgine_Kvalevaag_1.jpg\"\n                 data-description=\"Min farmor Jakobine J\u00f8rgine Oddenes\"\n\t\t\t\t                 style=\"display:block\">\n        <\/a>\n\t        <a href=\"\" target=\"_blank\">\n            <img decoding=\"async\" alt=\"Heini, Karl och Marie Lass\"\n                 data-type=\"image\"\n                 src=\"https:\/\/sandbox.kvalevaag.se\/wp-content\/uploads\/2019\/07\/Karl_Lass1.jpg\"\n                 data-image=\"https:\/\/sandbox.kvalevaag.se\/wp-content\/uploads\/2019\/07\/Karl_Lass1.jpg\"\n                 data-description=\"Bilden som \u00e4r tagen 1918 p\u00e5 atelj\u00e9 har Frida, barnens mor skickat till deras farmor Dorothea. P\u00e5 baksidan skriver hon att hon tar t\u00e5get 8.10 fr\u00e5n T\u00f8ndern p\u00e5 l\u00f6rdagen (4\/5 1918) d\u00e4r hon bes\u00f6kt sina f\u00f6r\u00e4ldrar. Hon anl\u00e4nder strax f\u00f6re kl. 12 och vill bli m\u00f6tt p\u00e5 station av Dorothea. Fr\u00e5n v\u00e4nster, Heini, Kalle och Marie.\"\n\t\t\t\t                 style=\"display:block\">\n        <\/a>\n\t        <a href=\"\" target=\"_blank\">\n            <img decoding=\"async\" alt=\"Bessie Randall\"\n                 data-type=\"image\"\n                 src=\"https:\/\/sandbox.kvalevaag.se\/wp-content\/uploads\/2022\/08\/Bessie_Randall_4.jpg\"\n                 data-image=\"https:\/\/sandbox.kvalevaag.se\/wp-content\/uploads\/2022\/08\/Bessie_Randall_4.jpg\"\n                 data-description=\"Vardagsbild omkring 1905 fr\u00e5n Hazen, Mercer County, North Dakota. Fr\u00e5n v\u00e4nster Ingebrigt Johnsen Randall, dottern Bessie och hennes man Dave Helmick Gunderson. D\u00e4refter kommer Jonette Amalia Rindal med ett barn p\u00e5 armen, intill st\u00e5r hennes man Gunval Siever Hovda.\"\n\t\t\t\t                 style=\"display:block\">\n        <\/a>\n\t        <a href=\"\" target=\"_blank\">\n            <img decoding=\"async\" alt=\"Carl Sverre Rasmussen\"\n                 data-type=\"image\"\n                 src=\"https:\/\/sandbox.kvalevaag.se\/wp-content\/uploads\/2021\/09\/Carl_Sverre_Rasmussen_2.jpg\"\n                 data-image=\"https:\/\/sandbox.kvalevaag.se\/wp-content\/uploads\/2021\/09\/Carl_Sverre_Rasmussen_2.jpg\"\n                 data-description=\"Carl Sverre med sina f\u00f6r\u00e4ldrar och syskon i fina rosetter.\"\n\t\t\t\t                 style=\"display:block\">\n        <\/a>\n\t        <a href=\"\" target=\"_blank\">\n            <img decoding=\"async\" alt=\"Lars Jakobsen\"\n                 data-type=\"image\"\n                 src=\"https:\/\/sandbox.kvalevaag.se\/wp-content\/uploads\/2019\/07\/o_1bja34oih3pg1khs1rs6f35bjhe.jpg\"\n                 data-image=\"https:\/\/sandbox.kvalevaag.se\/wp-content\/uploads\/2019\/07\/o_1bja34oih3pg1khs1rs6f35bjhe.jpg\"\n                 data-description=\"Lars Jakobsen 1831 \u2013 1907. G\u00e5rdsbrukare fr\u00e5n Kvalav\u00e5g som emigrerade 1893 som \u00e4nkling med sina barn till Towner County, North Dakota, USA.\"\n\t\t\t\t                 style=\"display:block\">\n        <\/a>\n\t        <a href=\"\" target=\"_blank\">\n            <img decoding=\"async\" alt=\"Charles Ditlof Johnson\"\n                 data-type=\"image\"\n                 src=\"https:\/\/sandbox.kvalevaag.se\/wp-content\/uploads\/2019\/07\/Thelma_Johnson_2.jpg\"\n                 data-image=\"https:\/\/sandbox.kvalevaag.se\/wp-content\/uploads\/2019\/07\/Thelma_Johnson_2.jpg\"\n                 data-description=\"Fr\u00e5n v\u00e4nster: Albert, Johannes Martin, Charles Ditlof och Thelma Johnson. Fotot tagit ca: 1910 i Philadelphia, Pennsylvania, USA\"\n\t\t\t\t                 style=\"display:block\">\n        <\/a>\n\t        <a href=\"\" target=\"_blank\">\n            <img decoding=\"async\" alt=\"Olene Knudsdatter\"\n                 data-type=\"image\"\n                 src=\"https:\/\/sandbox.kvalevaag.se\/wp-content\/uploads\/2021\/03\/Olene_Knudsdatter_2.jpg\"\n                 data-image=\"https:\/\/sandbox.kvalevaag.se\/wp-content\/uploads\/2021\/03\/Olene_Knudsdatter_2.jpg\"\n                 data-description=\"L\u00e4ngst bak st\u00e5r fadern och skomakaren Sivert, fr\u00e4mst st\u00e5r Martin, Marta Serine och modern Oline med Knudine i kn\u00e4t. Bilden tagen 1893.\"\n\t\t\t\t                 style=\"display:block\">\n        <\/a>\n\t        <a href=\"\" target=\"_blank\">\n            <img decoding=\"async\" alt=\"Aadne Kornelius Pedersen Kvalev\u00e5g\"\n                 data-type=\"image\"\n                 src=\"https:\/\/sandbox.kvalevaag.se\/wp-content\/uploads\/2019\/07\/Aadne_Kornelius_Pedersen_Kvalevaag_1.jpg\"\n                 data-image=\"https:\/\/sandbox.kvalevaag.se\/wp-content\/uploads\/2019\/07\/Aadne_Kornelius_Pedersen_Kvalevaag_1.jpg\"\n                 data-description=\"Min farfars bror Aadne Kornelius Pedersen Kvalev\u00e5g fotograferad under sin milit\u00e4rtj\u00e4nstg\u00f6ring inom marinen Foto: Tord Kh\u00f6n, Christianssand, omkring 1897\"\n\t\t\t\t                 style=\"display:block\">\n        <\/a>\n\t        <a href=\"\" target=\"_blank\">\n            <img decoding=\"async\" alt=\"Amalia Simonsdatter R\u00f8ksund\"\n                 data-type=\"image\"\n                 src=\"https:\/\/sandbox.kvalevaag.se\/wp-content\/uploads\/2020\/03\/Amalia_Simonsdatter_Roksund_1.jpg\"\n                 data-image=\"https:\/\/sandbox.kvalevaag.se\/wp-content\/uploads\/2020\/03\/Amalia_Simonsdatter_Roksund_1.jpg\"\n                 data-description=\"Bilden tagen omkring 1900 av fotograf Ole Olvik, Haugesund. Amalia var s\u00f6mmerska i Haugesund och hade sj\u00e4lv sytt kl\u00e4nningen som hon har p\u00e5 sig.\"\n\t\t\t\t                 style=\"display:block\">\n        <\/a>\n\t        <a href=\"\" target=\"_blank\">\n            <img decoding=\"async\" alt=\"Peder Johan och Berta Serine Kvalevaag\"\n                 data-type=\"image\"\n                 src=\"https:\/\/sandbox.kvalevaag.se\/wp-content\/uploads\/2019\/07\/Peder_Olsen_Kvalavaag_Berte_Serina_Aadnesdatter.jpg\"\n                 data-image=\"https:\/\/sandbox.kvalevaag.se\/wp-content\/uploads\/2019\/07\/Peder_Olsen_Kvalavaag_Berte_Serina_Aadnesdatter.jpg\"\n                 data-description=\"Min  farfars f\u00f6r\u00e4ldrar Peder Johan Olsen Kvalevaag och Berta Serine Aadnesdatter. Bilden tagen omkring 1900\"\n\t\t\t\t                 style=\"display:block\">\n        <\/a>\n\t        <a href=\"\" target=\"_blank\">\n            <img decoding=\"async\" alt=\"Allan med sin mor Erika\"\n                 data-type=\"image\"\n                 src=\"https:\/\/sandbox.kvalevaag.se\/wp-content\/uploads\/2019\/07\/Anna_Schumann_2.jpg\"\n                 data-image=\"https:\/\/sandbox.kvalevaag.se\/wp-content\/uploads\/2019\/07\/Anna_Schumann_2.jpg\"\n                 data-description=\"Jag l\u00e4ngst till v\u00e4nster, min mor sittande p\u00e5 armst\u00f6det, resten k\u00e4nner jag inte till. Bilden \u00e4r f\u00f6rmodligen tagen sommaren 1954 av Amanda i K\u00f6penhamns utkanter hos Anna sommarhus.\"\n\t\t\t\t                 style=\"display:block\">\n        <\/a>\n\t        <a href=\"\" target=\"_blank\">\n            <img decoding=\"async\" alt=\"Gunvald Christopher Knutsen Lillegard\"\n                 data-type=\"image\"\n                 src=\"https:\/\/sandbox.kvalevaag.se\/wp-content\/uploads\/2019\/07\/Gunvald_Christopher_Knutsen_Lillegard_1.jpg\"\n                 data-image=\"https:\/\/sandbox.kvalevaag.se\/wp-content\/uploads\/2019\/07\/Gunvald_Christopher_Knutsen_Lillegard_1.jpg\"\n                 data-description=\"Gunvald Christopher Knutsen Lillegard emigrerade 1904 till Montana, USA. Fotot omkring 1900\"\n\t\t\t\t                 style=\"display:block\">\n        <\/a>\n\t        <a href=\"\" target=\"_blank\">\n            <img decoding=\"async\" alt=\"Karen Tomine Knutsdatter\"\n                 data-type=\"image\"\n                 src=\"https:\/\/sandbox.kvalevaag.se\/wp-content\/uploads\/2019\/07\/Karen_Tomine_Knutsdatter_1.jpg\"\n                 data-image=\"https:\/\/sandbox.kvalevaag.se\/wp-content\/uploads\/2019\/07\/Karen_Tomine_Knutsdatter_1.jpg\"\n                 data-description=\"Systrarna Karen \u201dKaia\u201d Tomine, Berthine och Janna Kristine Knutsdatter. Foto: Hans Joakim Norland, Haugesund omkring 1910.\"\n\t\t\t\t                 style=\"display:block\">\n        <\/a>\n\t        <a href=\"\" target=\"_blank\">\n            <img decoding=\"async\" alt=\"Raynor Everett Amundsen\"\n                 data-type=\"image\"\n                 src=\"https:\/\/sandbox.kvalevaag.se\/wp-content\/uploads\/2021\/03\/Raynor_Everett_Amundsen_2.jpg\"\n                 data-image=\"https:\/\/sandbox.kvalevaag.se\/wp-content\/uploads\/2021\/03\/Raynor_Everett_Amundsen_2.jpg\"\n                 data-description=\"Syskonen Raynor Everett och Ruth Lucille Amundsen. Bilden tagen omkring 1910.\"\n\t\t\t\t                 style=\"display:block\">\n        <\/a>\n\t        <a href=\"\" target=\"_blank\">\n            <img decoding=\"async\" alt=\"Peder Johan Olsen Kvalevaag\"\n                 data-type=\"image\"\n                 src=\"https:\/\/sandbox.kvalevaag.se\/wp-content\/uploads\/2019\/07\/Peder_Olsen_Kvalavaag_1.jpg\"\n                 data-image=\"https:\/\/sandbox.kvalevaag.se\/wp-content\/uploads\/2019\/07\/Peder_Olsen_Kvalavaag_1.jpg\"\n                 data-description=\"Min farfars far Peder Johan Olsen Kvalevaag\"\n\t\t\t\t                 style=\"display:block\">\n        <\/a>\n\t        <a href=\"\" target=\"_blank\">\n            <img decoding=\"async\" alt=\"Priscilla Adaline Mannes\"\n                 data-type=\"image\"\n                 src=\"https:\/\/sandbox.kvalevaag.se\/wp-content\/uploads\/2022\/08\/Priscilla_Adaline_Mannes_3.jpg\"\n                 data-image=\"https:\/\/sandbox.kvalevaag.se\/wp-content\/uploads\/2022\/08\/Priscilla_Adaline_Mannes_3.jpg\"\n                 data-description=\"Ralph Oliver Hillgren och Priscilla Adaline Mannes med barnen John Albert, Sonja Dorothy och Annette Marilyn. Bilden tagen 1948 i Sioux Falls, Minnehaha County, South Dakota.\"\n\t\t\t\t                 style=\"display:block\">\n        <\/a>\n\t        <a href=\"\" target=\"_blank\">\n            <img decoding=\"async\" alt=\"Wadholm br\u00f6der\"\n                 data-type=\"image\"\n                 src=\"https:\/\/sandbox.kvalevaag.se\/wp-content\/uploads\/2019\/07\/Tobias_Thomas_Larsen_Wadholm_2.jpg\"\n                 data-image=\"https:\/\/sandbox.kvalevaag.se\/wp-content\/uploads\/2019\/07\/Tobias_Thomas_Larsen_Wadholm_2.jpg\"\n                 data-description=\"Fem br\u00f6der Wadholm samlade. Bak st\u00e5r Thomas, John och James. Fr\u00e4mst sitter Lars och Andrew.\"\n\t\t\t\t                 style=\"display:block\">\n        <\/a>\n\t        <a href=\"\" target=\"_blank\">\n            <img decoding=\"async\" alt=\"Heinrich Peter Lass\"\n                 data-type=\"image\"\n                 src=\"https:\/\/sandbox.kvalevaag.se\/wp-content\/uploads\/2019\/07\/Heinrich-Peter_Lass1.jpg\"\n                 data-image=\"https:\/\/sandbox.kvalevaag.se\/wp-content\/uploads\/2019\/07\/Heinrich-Peter_Lass1.jpg\"\n                 data-description=\"Min morfar Heinrich till v\u00e4nster inf\u00f6r milit\u00e4rtj\u00e4nstg\u00f6ringen till 1:a v\u00e4rldskriget.\"\n\t\t\t\t                 style=\"display:block\">\n        <\/a>\n\t        <a href=\"\" target=\"_blank\">\n            <img decoding=\"async\" alt=\"Carl Dahl\"\n                 data-type=\"image\"\n                 src=\"https:\/\/sandbox.kvalevaag.se\/wp-content\/uploads\/2019\/07\/Carl_Dahl_1.jpg\"\n                 data-image=\"https:\/\/sandbox.kvalevaag.se\/wp-content\/uploads\/2019\/07\/Carl_Dahl_1.jpg\"\n                 data-description=\"Carl Dahl fr\u00e5n Tj\u00f8svoll p\u00e5 \u00c5kra i sin kanadensiska uniform, han gick med som frivillig i den skandinaviska bataljonen i f\u00f6rsta v\u00e4rldskriget.\"\n\t\t\t\t                 style=\"display:block\">\n        <\/a>\n\t<\/div>\n\n\n\n<script type=\"text\/javascript\">\n    jQuery(document).ready(function () {\n        var container = jQuery(\"#gdgallery_container_1\");\n        container.unitegallery({\"gallery_theme\":\"justified\",\"tiles_type\":\"justified\",\"tiles_justified_space_between\":10,\"tile_enable_textpanel\":true,\"tile_textpanel_title_text_align\":\"center\",\"tile_textpanel_title_font_size\":\"12\",\"tile_textpanel_title_color\":\"#FFFFFF\",\"tile_textpanel_bg_color\":\"#333333\",\"tile_textpanel_bg_opacity\":0.7,\"tile_enable_border\":true,\"tile_border_width\":\"0\",\"tile_border_color\":\"#333333\",\"tile_border_radius\":\"0\",\"tile_enable_overlay\":false,\"tile_enable_image_effect\":true,\"tile_image_effect_type\":\"bw\",\"tile_image_effect_reverse\":true,\"tile_enable_shadow\":true,\"tile_as_link\":false,\"tile_enable_icons\":true,\"tile_show_link_icon\":true,\"tile_textpanel_appear_type\":\"slide\",\"tile_textpanel_position\":\"inside_bottom\",\"tile_link_newpage\":true,\"lightbox_type\":\"compact\",\"lightbox_arrows_offset\":0,\"lightbox_overlay_color\":\"#000000\",\"lightbox_overlay_opacity\":0.5,\"lightbox_show_numbers\":true,\"lightbox_numbers_size\":\"15\",\"lightbox_numbers_color\":\"#FFFFFF\",\"lightbox_slider_image_border_width\":\"0\",\"lightbox_slider_image_border_color\":\"#FFFFFF\",\"lightbox_slider_image_border_radius\":0,\"lightbox_slider_image_shadow\":true,\"lightbox_slider_control_swipe\":true,\"lightbox_slider_control_zoom\":true,\"lightbox_slider_image_border\":true,\"lightbox_show_textpanel\":true,\"lightbox_textpanel_enable_title\":true,\"lightbox_textpanel_enable_description\":true,\"lightbox_textpanel_padding_top\":5,\"lightbox_textpanel_padding_bottom\":5,\"lightbox_textpanel_padding_right\":5,\"lightbox_textpanel_padding_left\":5,\"lightbox_textpanel_title_color\":\"#FFFFFF\",\"lightbox_textpanel_title_text_align\":\"left\",\"lightbox_textpanel_title_font_size\":\"16\",\"lightbox_textpanel_desc_color\":\"#FFFFFF\",\"lightbox_textpanel_desc_text_align\":\"left\",\"lightbox_textpanel_desc_font_size\":\"12\"});\n    });\n<\/script><style>\n#gdgallery-container-1 {\n   text-align: center}\n\n.gdgallery-pagination-1{\ntext-align: center !important;\n}\n\n.gdgallery-pagination-1 a{\n    font-size: 15px !important;\n    padding: 8px 13px !important;\n    margin: 3px !important;\n    border: 1px solid #333333 !important;\n    border-radius: 0px !important;\n    color: #333333 !important;\n    background-color: #FFFFFF !important;\n    font-family: monospace !important;\n}\n\n.gdgallery-pagination-1 a:hover, .gdgallery-pagination-1 a.gdgallery-pagination-icon-active{\n    color: #FFFFFF !important;\n    background-color: #333333 !important;\n    border-color: #333333 !important;\n}\n\n#gdgallery-container-1 .gdgallery_load_more_space{\n    margin-top: 20px !important;\n    text-align: center !important;\n}\n\n#gdgallery-container-1 .gdgallery_load_more_space button{\n                      padding: 8px 13px !important;\n    font-size: 12px !important;\n    background-color: #333333 !important;\n    color: #FFFFFF !important;\n    border:1px solid #333333 !important;\n                      border-radius: 0px !important;\n                      font-family: monospace !important;\n                  }\n#gdgallery-container-1 .gdgallery_load_more_space button:hover{\n                      background-color: #FFFFFF !important;\n                      color: #333333 !important;\n                      border-color: #333333 !important;\n                  }\n\n#gdgallery-container-1 .gdgallery_load_more_space button,\n#gdgallery-container-1 .gdgallery_load_more_space button:hover,\n#gdgallery-container-1 .gdgallery_load_more_space button:active,\n#gdgallery-container-1 .gdgallery_load_more_space button:focus{\n    outline: none !important;\n}\n\n\n#gdgallery-container-1 .gdgallery_loading li{\n                      border: 3px solid #333333 !important;\n                  }\n\n.ug-lightbox .ug-lightbox-top-panel-overlay{\n    background-color: #000000 !important;\n}\n\n\n                  #gdgallery_container_1{}\n<\/style>\n\n\n\n<\/div>\n\n\n\n\n\n\n\n\n\n<p>Allan Kvalevaag <br>2022-08-06<\/p>\n","protected":false},"excerpt":{"rendered":"<p>Allan Kvalevaag 2022-08-06<\/p>\n","protected":false},"author":1,"featured_media":0,"parent":0,"menu_order":0,"comment_status":"closed","ping_status":"closed","template":"","meta":{"_monsterinsights_skip_tracking":false,"_monsterinsights_sitenote_active":false,"_monsterinsights_sitenote_note":"","_monsterinsights_sitenote_category":0,"footnotes":""},"_links":{"self":[{"href":"https:\/\/sandbox.kvalevaag.se\/index.php?rest_route=\/wp\/v2\/pages\/18"}],"collection":[{"href":"https:\/\/sandbox.kvalevaag.se\/index.php?rest_route=\/wp\/v2\/pages"}],"about":[{"href":"https:\/\/sandbox.kvalevaag.se\/index.php?rest_route=\/wp\/v2\/types\/page"}],"author":[{"embeddable":true,"href":"https:\/\/sandbox.kvalevaag.se\/index.php?rest_route=\/wp\/v2\/users\/1"}],"replies":[{"embeddable":true,"href":"https:\/\/sandbox.kvalevaag.se\/index.php?rest_route=%2Fwp%2Fv2%2Fcomments&post=18"}],"version-history":[{"count":18,"href":"https:\/\/sandbox.kvalevaag.se\/index.php?rest_route=\/wp\/v2\/pages\/18\/revisions"}],"predecessor-version":[{"id":9599,"href":"https:\/\/sandbox.kvalevaag.se\/index.php?rest_route=\/wp\/v2\/pages\/18\/revisions\/9599"}],"wp:attachment":[{"href":"https:\/\/sandbox.kvalevaag.se\/index.php?rest_route=%2Fwp%2Fv2%2Fmedia&parent=18"}],"curies":[{"name":"wp","href":"https:\/\/api.w.org\/{rel}","templated":true}]}}